{"id":80,"date":"2022-02-27T22:34:39","date_gmt":"2022-02-27T21:34:39","guid":{"rendered":"http:\/\/orguedevezelise.fr\/?page_id=80"},"modified":"2025-03-19T22:14:47","modified_gmt":"2025-03-19T21:14:47","slug":"__trashed-3","status":"publish","type":"page","link":"https:\/\/orguedevezelise.fr\/?page_id=80","title":{"rendered":"Les anciens programmes"},"content":{"rendered":"\n<p class=\"has-text-align-center\">____________________________________________________<\/p>\n\n\n\n<p class=\"has-text-align-center has-extra-large-font-size\">SAISON 2024<\/p>\n\n\n\n<p><strong>Le 26 mai,<\/strong> nous avons accueilli les classes d&rsquo;orgue des Conservatoires de Dijon et Nancy, encadr\u00e9es par <strong>Fr\u00e9d\u00e9ric Mayeur et David Cassan<\/strong>. Ils ont  interpr\u00e9t\u00e9 la Messe des Paroisses de Couperin, alternatim par l&rsquo;ensemble vocal <strong>Ars Musica<\/strong> dirig\u00e9 par <strong>Damien Gu\u00e9don<\/strong>.<\/p>\n\n\n\n<p><strong>Le 30 juin<\/strong>, c&rsquo;est <strong>David Cassan<\/strong> qui \u00e9tait aux commandes du v\u00e9n\u00e9rable K\u00fcttinger. Professeur au Conservatoire de Nancy, concertiste et titulaire de l&rsquo;orgue de l&rsquo;Oratoire du Louvre \u00e0 Paris, il est un sp\u00e9cialiste incontest\u00e9 de l&rsquo;art de l&rsquo;improvisation.<\/p>\n\n\n\n<p>Le <strong>14 juillet<\/strong>, <strong>Jean-Luc Perrot<\/strong>, organiste \u00e0 Souvigny et La Chaise-Dieu, nous a ravi dans un programme \u00e9clectique dont il a le secret, \u00e0 l&rsquo;orgue et \u00e0 l&rsquo;harmonium.<\/p>\n\n\n\n<p><strong>Le 21 juillet<\/strong>, <strong>Dominique Dantand<\/strong> \u00e9tait aux claviers pour f\u00eater ses 10 ans de titulariat&nbsp;(et de Pr\u00e9sident des Amis de l&rsquo;orgue).<\/p>\n\n\n\n<p><strong>Le 28 juillet,<\/strong> l&rsquo;organiste de la cath\u00e9drale d&rsquo;Albi, <strong>Fr\u00e9d\u00e9ric Deschamps<\/strong>, fera vibrer&nbsp;les vo\u00fbtes.<\/p>\n\n\n\n<p><strong>Le 8&nbsp;septembre,<\/strong> le compositeur Louis Marchand \u00e9tait \u00e0 l&rsquo;honneur. <strong>Sibylle Roth<\/strong> \u00e9tait au clavecin et son grand-p\u00e8re, le <strong>Ma\u00eetre Daniel Roth<\/strong> (titulaire \u00e9m\u00e9rite de Saint-Sulpice \u00e0 Paris, concertiste), s&rsquo;est empar\u00e9 des claviers de l&rsquo;orgue de 1775.<\/p>\n\n\n\n<p>En <strong>septembre 2024<\/strong>, concert solidaire au profit des associations caritatives de V\u00e9zelise, <strong>concert \u00e0 2 orgues<\/strong> (avec la r\u00e9plique num\u00e9rique de l&rsquo;orgue Kuttinger)<strong> <\/strong> <strong>et deux organistes<\/strong>:<br> <strong>Daniel Maurer<\/strong>, titulaire de l&rsquo;orgue Silbermann de Saint-Thomas \u00e0 Strasbourg, et <strong>Dominique Dantand<\/strong>.<\/p>\n\n\n\n<p class=\"has-text-align-center has-extra-large-font-size\">SAISON 2023<\/p>\n\n\n\n<p><strong>2 juillet:<\/strong>&nbsp;<strong>Lidia Ksiazkiewicz<\/strong>&nbsp;(organiste titulaire du grand orgue de la cath\u00e9drale de Laon) \u00e0 l\u2019orgue et \u00e0 l\u2019harmonium.<\/p>\n\n\n\n<p class=\"has-text-align-center\">_______________<\/p>\n\n\n\n<p><strong>9 juillet:<\/strong>&nbsp;Carte blanche \u00e0&nbsp;<strong>Sibylle Roth<\/strong>&nbsp;(Ensemble Tumbleweeds, jeunes talents) au clavecin.<\/p>\n\n\n\n<p class=\"has-text-align-center\">_______________<\/p>\n\n\n\n<p><strong>16 juillet:<\/strong>&nbsp;<strong>Dominique Dantand<\/strong>, sur le th\u00e8me des moines musiciens.<\/p>\n\n\n\n<p class=\"has-text-align-center\">_______________<\/p>\n\n\n\n<p><strong>22 et 23 juillet:<\/strong>&nbsp;Duo \u00e0 l\u2019orgue \u00e0 V\u00e9zelise et \u00e0 Domgermain,&nbsp;<strong>Yanick Merlin<\/strong>&nbsp;(cotitulaire de l\u2019orgue de N. D. des Champs \u00e0 Paris) et&nbsp;<strong>B\u00e9atrice Piertot<\/strong>&nbsp;(cotitulaire de l\u2019orgue de Saint-Laurent \u00e0 Paris).<\/p>\n\n\n\n<p class=\"has-text-align-center\">_______________<\/p>\n\n\n\n<p><strong>30 juillet:<\/strong>&nbsp;<strong>Jean-Paul Serra<\/strong>&nbsp;(titulaire de l\u2019orgue de St-Germain-des-Pr\u00e9s) et&nbsp;<strong>Iakovos Pappas<\/strong>&nbsp;(claveciniste, organiste, metteur en sc\u00e8ne et musicologue); \u0153uvres de Cl\u00e9rambault.<\/p>\n\n\n\n<p class=\"has-text-align-center\">_______________<\/p>\n\n\n\n<p><strong>16 et 17 septembre:<\/strong>&nbsp;Ch\u0153urs et Orgue \u00e0 l\u2019occasion des 10 ans de la communaut\u00e9 de Communes du Saintois.<\/p>\n\n\n\n<p class=\"has-text-align-center\">_______________<\/p>\n\n\n\n<p><strong>5 novembre<\/strong>: concert solidaire, Haendel cantates et duos italiens,&nbsp;<strong>Dominique Dantand<\/strong>&nbsp;au clavecin avec&nbsp;<strong>Bertha Sgard<\/strong>&nbsp;(soprano) et&nbsp;<strong>B\u00e9atrice Kl\u00f6tgen<\/strong>&nbsp;(mezzo soprano).<\/p>\n\n\n\n<p class=\"has-text-align-center\">____________________________________________________<\/p>\n\n\n\n<p class=\"has-text-align-center has-extra-large-font-size\">SAISON 2022<\/p>\n\n\n\n<p class=\"has-text-align-center\"><strong>Dimanche 22 mai, <\/strong>r\u00e9cital au profit de l&rsquo;association \u00ab\u00a0<em>les amis de l&rsquo;\u00e9glise St Gorgon de Varang\u00e9ville<\/em>\u00ab\u00a0. Aux claviers Dominique Dantand . Le concert a \u00e9t\u00e9 retransmis en direct sur Facebook en hommage \u00e0 Fr\u00e9d\u00e9rique Gros, organiste de la cath\u00e9drale du Puy, d\u00e9c\u00e9d\u00e9e r\u00e9cemment et qui devait revenir \u00e0 V\u00e9zelise pour d&rsquo;autres projets.<\/p>\n\n\n\n<p class=\"has-text-align-center\">________________<\/p>\n\n\n\n<p class=\"has-text-align-center\"><strong>Dimanche 19 juin, <\/strong>nous aurions du accueillir pour ouvrir notre saison l&rsquo;organiste japonaise Keiko NAKATA. Atteinte du Covid, elle a \u00e9t\u00e9 remplac\u00e9e par Aude Schumacher organiste-titulaire au Temple Saint-Jean de Nancy et \u00e0 l&rsquo;Eglise Saint-Jacques de Lun\u00e9ville, qui avait concoct\u00e9 un programme de derni\u00e8re minute id\u00e9al pour l&rsquo;orgue historique K\u00fcttinger de V\u00e9zelise comprenant des \u0153uvres de Dandrieu, Couperin, Sweelinck et Cl\u00e9rambault.<\/p>\n\n\n\n<p class=\"has-text-align-center\">________________<\/p>\n\n\n\n<p class=\"has-text-align-center\"><strong>Dimanche 3 juillet, <\/strong>concert deux hautbois et orgue avec Pierre Colombain, soliste de l&rsquo;orchestre de Nancy et professeur au CNR, en compagnie de son \u00e9l\u00e8ve Georgina Set qui nous vient du V\u00e9n\u00e9zuela. Un programme avec beaucoup de musique baroque !<\/p>\n\n\n\n<p class=\"has-text-align-center\">________________<\/p>\n\n\n\n<p class=\"has-text-align-center\"><strong>Jeudi 14 juillet, <\/strong>Dominique Dantand a retrouv\u00e9 les claviers pour un programme de musiques de circonstance ! Si vous pensez que les organistes sont des gens s\u00e9rieux&#8230;&#8230; vous vous trompez !<\/p>\n\n\n\n<p class=\"has-text-align-center\">________________<\/p>\n\n\n\n<p class=\"has-text-align-center\"><strong>Dimanche 17 juillet, <\/strong>nous avons eu le plaisir d&rsquo;entendre Denis Tchorek, lorrain d&rsquo;origine et titulaire du merveilleux instrument de la Basilique Saint-Pierre de Douai. Il est aussi musicologue.<\/p>\n\n\n\n<p class=\"has-text-align-center\">________________<\/p>\n\n\n\n<p class=\"has-text-align-center\"><strong>Dimanche 24 juillet, <\/strong>nous avons retrouv\u00e9 Daniel Maurer, titulaire de l&rsquo;orgue mythique Silbermann de Saint Thomas \u00e0 Strasbourg, professeur au conservatoire du lieu et professeur \u00e0 la Musikhochschule de Freiburg-im-Breisgau.<\/p>\n\n\n\n<p class=\"has-text-align-center\">________________<\/p>\n\n\n\n<p class=\"has-text-align-center\"><strong>Dimanche 16 octobre, <\/strong>concert solidaire avec le flutiste R\u00e9mi Cordier (Directeur de l&rsquo;Ecole de Musique du Saintois) <br>et Dominique Dantand au clavecin.<\/p>\n\n\n\n<p class=\"has-text-align-center\">____________________________________________________<\/p>\n\n\n\n<p class=\"has-text-align-center has-extra-large-font-size\">SAISON 2021<\/p>\n\n\n\n<p class=\"has-text-align-center\">Compte tenu de la situation sanitaire, la saison 2021 a d\u00e9but\u00e9 par la publication de notre premier concert film\u00e9 :<br><strong>Les le\u00e7ons des T\u00e9n\u00e8bres de Fran\u00e7ois Couperin<\/strong><br>avec :<br><strong>Monique Zanetti<\/strong>&nbsp;&amp;&nbsp;<strong>Laureen Thinnes Stoulig<\/strong>, sopranos et&nbsp;<strong>Dominique Dantan<\/strong>d titulaire de l\u2019Orgue.<\/p>\n\n\n\n<div class=\"wp-block-buttons is-content-justification-center is-layout-flex wp-container-1 wp-block-buttons-is-layout-flex\">\n<div class=\"wp-block-button\"><a class=\"wp-block-button__link wp-element-button\" href=\"http:\/\/orguedevezelise.fr\/?page_id=30(ouvre un nouvel onglet)\">lire la suite et \u00e9couter<\/a><\/div>\n<\/div>\n\n\n\n<p class=\"has-text-align-center\">____________________<\/p>\n\n\n\n<p class=\"has-text-align-center\"><strong>4 juillet<\/strong> : R\u00e9cital&nbsp;Lidia ksi\u0105\u017ckiewicz, titulaire de l\u2019orgue de la cath\u00e9drale de Laon, programme orgue et harmonium<br>____________________<br><strong>11 juillet<\/strong> : Concert chant et orgue avec Daria Burlak et<br>Anna Kristina Naechster dans un programme \u00e9poustouflant !<br>____________________<br><strong>14 juillet <\/strong>: Micha\u00ebl Matthes, organiste de St Germain l\u2019Auxerrois \u00e0 Paris \/ Concert au profit de la restauration de l\u2019orgue de l\u2019abbaye de Saint-Mihiel<br>____________________<br><strong>25 juillet <\/strong>: Voyage musical en compagnie de Pieter Jan Belder<br>____________________<br>En septembre nous avons f\u00eat\u00e9 les 500 ans de l\u2019\u00e9glise de V\u00e9zelise.<br><strong>5 septembre<\/strong>, double concert:<\/p>\n\n\n\n<ul id=\"block-42aa0fa0-b91c-4cd9-9088-bbc843690e76\">\n<li>11h, Jean-Pierre Legay, titulaire&nbsp;honoraire de Notre-Dame de Paris<\/li>\n\n\n\n<li>15h30, Jan Willem Jansen<\/li>\n<\/ul>\n\n\n\n<p class=\"has-text-align-center\"><strong>26 septembre<\/strong>: messe solennelle \u00e0 10h30,<br>anim\u00e9e en grande partie par un nouvel ensemble vocal cr\u00e9\u00e9 pour la circonstance qui a donn\u00e9 un concert dans l\u2019apr\u00e8s-midi.<br>____________________<br>En <strong>octobre<\/strong>, nous avons accueilli Claude Nadeau, titulaire de l\u2019orgue historique de Carnac, lui aussi de 1775, pour un concert de musiques baroques bretonnes pour clavecin et orgue.<\/p>\n\n\n\n<p class=\"has-text-align-center\">__________________________________________________<\/p>\n\n\n\n<p class=\"has-text-align-center has-extra-large-font-size\">SAISON 2020<\/p>\n\n\n\n<p class=\"has-text-align-center\"><strong>14 juillet<\/strong>: Aux orgues citoyens. Dominique Dantan, orgue.<br>____________________<br><strong>19 juillet<\/strong>: L&rsquo;art de toucher les claviers. Pieter-Jan Belder, clavecin et orgue.<br>____________________<br><strong>26 juillet<\/strong>: Le jeu des sept livres d&rsquo;orgue. Fr\u00e9d\u00e9rique Gros titulaire de la cath\u00e9drale du Puy en Velay.<br>____________________<br><strong>11 ao\u00fbt<\/strong>: Le concert Tribuot rend hommage \u00e0 Nicolas Cl\u00e9rembault.<br>____________________<br><strong>16 ao\u00fbt<\/strong>: Cl\u00e9mence Ba\u00efz, soprano et Dominique Dantan, orgue<br>____________________<br><strong>27 septembre<\/strong>: Concert en l&rsquo;honneur des Saints C\u00f4me et Damien<br>B\u00e9atrice Kl\u00f6tgen, mezzo et Dominique Dantan, orgue<br>____________________<br><strong>4 octobre<\/strong>: Francis Chapelet orgue Dom Bedos de Bordeaux<br>__________________________________________________<\/p>\n\n\n\n<p class=\"has-text-align-center has-extra-large-font-size\">SAISON 2019<\/p>\n\n\n\n<p class=\"has-text-align-center\"><strong>28 avril<\/strong>: Mozart Sonates d&rsquo;Eglise. Ensemble Alliance et Dominique Dantan, orgue<br>____________________<br><strong>2 juin<\/strong>: concert Daria Burlak<br>____________________<br><strong>16 juin<\/strong>: r\u00e9cital Jean-Jacques Griesser<br>____________________<br><strong>7 juillet<\/strong>: Musique baroque fran\u00e7aise. Christine, Thierry, Norbert Bohlinger, Nathalie Jegou.<br>____________________<br><strong>14 juillet<\/strong>: Orgue et r\u00e9volution(s). Dominique Dantan<br>____________________<br><strong>21 juillet<\/strong>: r\u00e9cital Thierry Bohlinger, Clavecin.<br>____________________<br><strong>28 juillet<\/strong>: Couperin, messe altern\u00e9e et motets. Marie Laure Deldemme, Marie Sophie Pause et Dominique Dantan.<br>____________________<br><strong>11 ao\u00fbt<\/strong>: R\u00e9cital Aude Schumacher.<br>____________________<br><strong>29 septembre<\/strong>: Chant et orgue. B\u00e9atrice Kl\u00f6tgen et Dominique<br>Dantan.<br>____________________<br><strong>1 d\u00e9cembre<\/strong>: Concert de l&rsquo;Avent. Choralliance, Agn\u00e8s Fontanella.<\/p>\n\n\n\n<p class=\"has-text-align-center\">____________________________________________<\/p>\n\n\n\n<p class=\"has-text-align-center has-extra-large-font-size\">SAISON 2018<\/p>\n\n\n\n<p class=\"has-text-align-center\"><strong>25 mars<\/strong>:  Le\u00e7ons de t\u00e9n\u00e8bres de Nicolas Bernier. Marie Laure Deldemme et Marie Sophie Pause, voix. Dominique Dantan, orgue.<br>____________________<br>1<strong>5 avril<\/strong>: R\u00e9cital Christophe Mantoux (Eglise Saint S\u00e9verin Paris)<br>____________________<br>10 juin: R\u00e9cital Dominique Dantan.<br>____________________<br><strong>21 juin<\/strong>: F\u00eate de la musique. R\u00e9cital Dominique Dantan.<br>____________________<br><strong>1 juillet<\/strong>: r\u00e9cital d&rsquo;harmonium. Olivier Schmitt<br>____________________<br><strong>8 juillet<\/strong>: Eglise de Goviller. concert de violon solo par Norbert Bohlinger.<br>____________________<br><strong>15 juillet<\/strong>: concert deux trompettes et orgue. Patrick et S\u00e9bastien Nicolle, Dominique Dantan.<br>____________________<br><strong>22 juillet<\/strong>: R\u00e9cital Kurt Lueders (Eglise du Saint-Esprit, Paris)<br>____________________<br><strong>5 ao\u00fbt<\/strong>: R\u00e9cital Michael Matthes (cath\u00e9drale de Troyes)<br>____________________<br><strong>15 ao\u00fbt<\/strong>: Musiques Mariales. Laureen Stoulig, soprano et Laurent Beyhurst, orgue (titulaire de l&rsquo;orgue historique Tribuot de Seurre).<br>____________________<br><strong>2 septembre<\/strong>: Eglise de Domgermin. Cantates et airs de Haendel. B\u00e9atrice Kl\u00f6tgen, mezzo et Dominique Dantan, clavecin.<br>____________________<br><strong>23 septembre<\/strong>: Quatuor Stanislas.<br>____________________<br><strong>14 octobre:<\/strong> Chant et Piano en l&rsquo;Eglise d&rsquo;Harou\u00e9. Ecole de musique du Saintois.<br>____________________<br><strong>2 d\u00e9cembre<\/strong>: Ch\u0153ur de femmes de Lun\u00e9ville. Dir. Vincent Tricari. Dominique Dantan, orgue.<br>_______________________________________<\/p>\n","protected":false},"excerpt":{"rendered":"<p>____________________________________________________ SAISON 2024 Le 26 mai, nous avons accueilli les classes d&rsquo;orgue des Conservatoires de Dijon et Nancy, encadr\u00e9es par Fr\u00e9d\u00e9ric Mayeur et David Cassan. Ils ont interpr\u00e9t\u00e9 la Messe des Paroisses de Couperin, alternatim par l&rsquo;ensemble vocal Ars Musica dirig\u00e9 par Damien Gu\u00e9don. Le 30 juin, c&rsquo;est David Cassan qui \u00e9tait aux commandes du&hellip; <a class=\"more-link\" href=\"https:\/\/orguedevezelise.fr\/?page_id=80\">Poursuivre la lecture <span class=\"screen-reader-text\">Les anciens programmes<\/span><\/a><\/p>\n","protected":false},"author":1,"featured_media":0,"parent":76,"menu_order":0,"comment_status":"closed","ping_status":"closed","template":"","meta":{"_eb_attr":"","footnotes":""},"_links":{"self":[{"href":"https:\/\/orguedevezelise.fr\/index.php?rest_route=\/wp\/v2\/pages\/80"}],"collection":[{"href":"https:\/\/orguedevezelise.fr\/index.php?rest_route=\/wp\/v2\/pages"}],"about":[{"href":"https:\/\/orguedevezelise.fr\/index.php?rest_route=\/wp\/v2\/types\/page"}],"author":[{"embeddable":true,"href":"https:\/\/orguedevezelise.fr\/index.php?rest_route=\/wp\/v2\/users\/1"}],"replies":[{"embeddable":true,"href":"https:\/\/orguedevezelise.fr\/index.php?rest_route=%2Fwp%2Fv2%2Fcomments&post=80"}],"version-history":[{"count":20,"href":"https:\/\/orguedevezelise.fr\/index.php?rest_route=\/wp\/v2\/pages\/80\/revisions"}],"predecessor-version":[{"id":836,"href":"https:\/\/orguedevezelise.fr\/index.php?rest_route=\/wp\/v2\/pages\/80\/revisions\/836"}],"up":[{"embeddable":true,"href":"https:\/\/orguedevezelise.fr\/index.php?rest_route=\/wp\/v2\/pages\/76"}],"wp:attachment":[{"href":"https:\/\/orguedevezelise.fr\/index.php?rest_route=%2Fwp%2Fv2%2Fmedia&parent=80"}],"curies":[{"name":"wp","href":"https:\/\/api.w.org\/{rel}","templated":true}]}}