{"id":38,"date":"2022-02-27T21:35:55","date_gmt":"2022-02-27T20:35:55","guid":{"rendered":"http:\/\/orguedevezelise.fr\/?page_id=38"},"modified":"2023-07-01T21:03:41","modified_gmt":"2023-07-01T19:03:41","slug":"lorgue-de-beaupre","status":"publish","type":"page","link":"https:\/\/orguedevezelise.fr\/?page_id=38","title":{"rendered":"L&rsquo;Orgue de Beaupr\u00e9"},"content":{"rendered":"\n<p>Le 2 F\u00e9vrier 1772, le facteur d\u2019orgues Georges K\u00fcttinger , n\u00e9 en 1733 \u00e0 Bouquenom (aujourd\u2019hui Sarre-Union \u2013 67 ), signe le march\u00e9 pour la construction d\u2019un Grand Orgue destin\u00e9 \u00e0 <a href=\"https:\/\/fr.wikipedia.org\/wiki\/Abbaye_de_Beaupr%C3%A9_%C3%A0_Moncel-l%C3%A8s-Lun%C3%A9ville\">l\u2019abbaye cistercienne de Beaupr\u00e9<\/a> (Moncel-l\u00e8s-Lun\u00e9ville) qui fut sous la juridiction du Prince de Salm, Louis Othon, abb\u00e9 commendataire d\u00e8s 1739 \u00e0 l\u2019\u00e2ge de 18 ans jusqu\u2019en 1775 &#8211; ann\u00e9e de l\u2019\u00e9l\u00e9vation \u00e0 la dignit\u00e9 abbatiale de Dom Bernard M\u00e2lin, prieur depuis 1769.<\/p>\n\n\n\n<p>L\u2019instrument qui allait \u00eatre le chef-d\u2019\u0153uvre de K\u00fcttinger et l\u2019unique t\u00e9moin&nbsp; de ce facteur pr\u00e9voit la composition suivante (A.D 54-H 445):<\/p>\n\n\n\n<div class=\"wp-block-columns is-layout-flex wp-container-3 wp-block-columns-is-layout-flex\">\n<div class=\"wp-block-column is-layout-flow wp-block-column-is-layout-flow\">\n<p><strong>Positif de dos <\/strong>(50 notes, CD-d\u2019\u2019\u2019)<\/p>\n<\/div>\n\n\n\n<div class=\"wp-block-column is-layout-flow wp-block-column-is-layout-flow\">\n<p><strong>Grand-Orgue <\/strong>(50 notes, CD-d\u2019\u2019\u2019)<\/p>\n<\/div>\n<\/div>\n\n\n\n<div class=\"wp-block-columns is-layout-flex wp-container-6 wp-block-columns-is-layout-flex\">\n<div class=\"wp-block-column is-layout-flow wp-block-column-is-layout-flow\">\n<ul>\n<li>Bourdon                       8<\/li>\n\n\n\n<li>Montre&nbsp;&nbsp;&nbsp;&nbsp;&nbsp;&nbsp;&nbsp;&nbsp;&nbsp;&nbsp;&nbsp;&nbsp;&nbsp;&nbsp;&nbsp;&nbsp;&nbsp;     &nbsp;&nbsp; 4<\/li>\n\n\n\n<li>Fl\u00fbte&nbsp;&nbsp;&nbsp;&nbsp;&nbsp;&nbsp;&nbsp;&nbsp;&nbsp;&nbsp;&nbsp;&nbsp;&nbsp;&nbsp;&nbsp;&nbsp;&nbsp;&nbsp;&nbsp;&nbsp;&nbsp;&nbsp;&nbsp;      4<\/li>\n\n\n\n<li>Nazard&nbsp;&nbsp;&nbsp;&nbsp;&nbsp;&nbsp;&nbsp;&nbsp;&nbsp;&nbsp;&nbsp;      &nbsp;2&nbsp; 2\/3<\/li>\n\n\n\n<li>Doublette&nbsp;&nbsp;&nbsp;&nbsp;&nbsp;&nbsp;&nbsp;&nbsp;&nbsp;&nbsp;&nbsp;    &nbsp;&nbsp;&nbsp;&nbsp; 2<\/li>\n\n\n\n<li>Tierce&nbsp;&nbsp;&nbsp;&nbsp;&nbsp;&nbsp;&nbsp;&nbsp;&nbsp;&nbsp;&nbsp;&nbsp;      &nbsp;1&nbsp;&nbsp; 3\/5<\/li>\n\n\n\n<li>Larigot&nbsp;&nbsp;&nbsp;&nbsp;&nbsp;&nbsp;&nbsp;&nbsp;&nbsp;&nbsp;      &nbsp;1&nbsp;&nbsp; 1\/3<\/li>\n\n\n\n<li>Plein-Jeu&nbsp;&nbsp;&nbsp;&nbsp;&nbsp;&nbsp;&nbsp;   &nbsp; 5-4 rgs<\/li>\n\n\n\n<li>Plein-Jeu&nbsp;&nbsp;&nbsp;&nbsp;&nbsp;&nbsp;&nbsp;&nbsp;    5-4 rgs<\/li>\n\n\n\n<li>Basse de Clairon&nbsp;&nbsp; 4&nbsp; C-h<\/li>\n\n\n\n<li>Dessus de Hautbois 8&nbsp; c\u2019-d\u2019\u2019\u2019<\/li>\n<\/ul>\n<\/div>\n\n\n\n<div class=\"wp-block-column is-layout-flow wp-block-column-is-layout-flow\">\n<ul>\n<li>Bourdon             16<\/li>\n\n\n\n<li>Montre&nbsp;&nbsp;&nbsp;&nbsp;&nbsp;&nbsp;&nbsp;&nbsp;&nbsp;&nbsp;&nbsp;&nbsp;&nbsp;&nbsp;&nbsp;&nbsp; &nbsp;8<\/li>\n\n\n\n<li>Bourdon&nbsp;&nbsp;&nbsp;&nbsp;&nbsp;&nbsp;&nbsp;&nbsp;&nbsp;&nbsp;&nbsp;&nbsp;&nbsp;&nbsp;&nbsp;&nbsp; 8<\/li>\n\n\n\n<li>Prestant&nbsp;&nbsp;&nbsp;&nbsp;&nbsp;&nbsp;&nbsp;&nbsp;&nbsp;&nbsp;&nbsp;&nbsp;&nbsp;&nbsp;&nbsp; &nbsp;4<\/li>\n\n\n\n<li>Grosse Tierce&nbsp; 3&nbsp; 1\/5<\/li>\n\n\n\n<li>Nazard&nbsp;&nbsp;&nbsp;&nbsp;&nbsp;&nbsp;&nbsp;&nbsp;&nbsp;&nbsp;&nbsp;&nbsp; 2&nbsp; 2\/3<\/li>\n\n\n\n<li>Doublette&nbsp;&nbsp;&nbsp;&nbsp;&nbsp;&nbsp;&nbsp;&nbsp;&nbsp;&nbsp;&nbsp;&nbsp;&nbsp;&nbsp; 2<\/li>\n\n\n\n<li>Quarte de Nazard&nbsp;&nbsp; 2<\/li>\n\n\n\n<li>Tierce&nbsp;&nbsp;&nbsp;&nbsp;&nbsp;&nbsp;&nbsp;&nbsp;&nbsp;&nbsp;&nbsp;&nbsp;&nbsp; 1&nbsp; 3\/5<\/li>\n\n\n\n<li>Grand Cornet&nbsp;&nbsp; 5 rgs<\/li>\n\n\n\n<li>Fourniture&nbsp;&nbsp;&nbsp;&nbsp;&nbsp;&nbsp;&nbsp; 3 rgs<\/li>\n\n\n\n<li>Cymbale&nbsp;&nbsp;&nbsp;&nbsp;&nbsp;&nbsp;&nbsp;&nbsp;&nbsp;&nbsp; 3 rgs<\/li>\n\n\n\n<li>Trompette&nbsp;&nbsp; &nbsp;&nbsp;&nbsp;&nbsp;&nbsp;&nbsp;&nbsp;&nbsp;&nbsp;&nbsp;&nbsp; 8<\/li>\n\n\n\n<li>Clairon&nbsp;&nbsp;&nbsp;&nbsp;&nbsp;&nbsp;&nbsp;&nbsp;  &nbsp;&nbsp;&nbsp;&nbsp;&nbsp;&nbsp;&nbsp;&nbsp; &nbsp;4<\/li>\n\n\n\n<li>Voix Humaine  &nbsp;&nbsp;&nbsp;&nbsp;&nbsp;&nbsp; 8<\/li>\n\n\n\n<li>Trompette de r\u00e9cit 8 c\u2019-d\u2019\u2019\u2019<\/li>\n<\/ul>\n<\/div>\n<\/div>\n\n\n\n<div class=\"wp-block-columns is-layout-flex wp-container-9 wp-block-columns-is-layout-flex\">\n<div class=\"wp-block-column is-layout-flow wp-block-column-is-layout-flow\">\n<p><strong>Echo<\/strong> ( 27 notes , c\u2019-d\u2019\u2019\u2019) :<\/p>\n<\/div>\n\n\n\n<div class=\"wp-block-column is-layout-flow wp-block-column-is-layout-flow\">\n<p>Cornet              5 rgs<\/p>\n<\/div>\n<\/div>\n\n\n\n<p><strong>P\u00e9dale<\/strong> (20 notes, FGA-d\u2019):<br>Fl\u00fbte 12<br>Fl\u00fbte 6                                               Accouplement \u00e0 tiroir I \/ II<br>Bombarde 12                                    Tremblant fort<br>Trompette 6                                      Tremblant doux<\/p>\n\n\n\n<p>Le positif devait \u00eatre jouable pour 1772 , et le reste de l\u2019orgue pour le 20 Ao\u00fbt 1774 . La r\u00e9ception&nbsp; de l\u2019instrument se fit le 23 d\u00e9cembre 1775 par Jean-Baptiste NOTRE, organiste de la cath\u00e9drale de Toul et expert r\u00e9put\u00e9 , qui trouva l\u2019orgue \u00ab <em>parfaite dans toutes ses parties, bien sonante et parfaittement d\u2019accord \u00bb. <\/em>L\u2019instrument&nbsp; \u00e9tant&nbsp; r\u00e9ceptionn\u00e9&nbsp; sans r\u00e9serves, K\u00fcttinger devait se voir r\u00e9compens\u00e9 de 620 livres de gratification \u2026mais&nbsp; l\u2019abb\u00e9 Bernard&nbsp; Malin ne paya pas le facteur et demanda une contre-expertise \u00e0&nbsp; Johann&nbsp; Andreas Silbermann qui refusa \u2013 on est en 1776 \u2013 mais qui proposa le P\u00e8re Sitterl\u00e9&nbsp; ou&nbsp; l\u2019organiste Th\u00e9obald Eppel de S\u00e9lestat. Finalement Dom Malin fit appel&nbsp; au chanoine Finot , organiste de&nbsp; l\u2019abbaye&nbsp; St R\u00e9mi de Lun\u00e9ville, lequel confirma l\u2019avis de JB N\u00d6TRE&nbsp; le&nbsp; 4 Janvier 1778 . Cette contre-expertise n\u2019engagea pourtant pas Dom Malin \u00e0 r\u00e9gler les 620 livres du vivant du facteur. Georges K\u00fcttinger d\u00e9c\u00e9da le 23 d\u00e9cembre 1783. Les h\u00e9ritiers intent\u00e8rent un proc\u00e8s&nbsp; contre les moines de Beaupr\u00e9 \u2026 Jean-Fran\u00e7ois Vautrin&nbsp; qui&nbsp; succ\u00e9da \u00e0 Nicolas Dupont&nbsp; se chargea&nbsp; de \u00ab soigner \u00bb l\u2019orgue de \u00ab l\u2019abbaye de Beauprey \u00bb. Le 2 novembre 1789, les biens du clerg\u00e9 sont d\u00e9clar\u00e9s&nbsp; \u00ab nationaux \u00bb. Dans&nbsp; l\u2019inventaire&nbsp; du 29 avril 1790, l\u2019orgue est d\u00e9crit comme&nbsp; un&nbsp; \u00ab huit pieds renforc\u00e9 \u00bb .&nbsp; Le 1\u00b0 mai 1790 , la communaut\u00e9 monastique est dissoute \u00e0 dater du jour o\u00f9 s\u2019achevait&nbsp; l\u2019inventaire des commissaires&nbsp; nationaux : Drouin (maire de Lun\u00e9ville), Delorme et Joly&nbsp; ( conseillers&nbsp; assesseurs ) . Le 15 mars 1791 l\u2019abbaye de Beaupr\u00e9 est vendue&nbsp; au&nbsp; Sieur&nbsp; Campet de Saujon , chef d\u2019escadron de dragons&nbsp; qui servit d\u2019aide de camp&nbsp; \u00e0 Kellermann ( vainqueur de Valmy \u2013 1792) et qui r\u00e9sida \u00e0 Lun\u00e9ville de 1791 \u00e0 1792. Campet de Saujon &nbsp;se vit confier la garde de l\u2019orgue et des horloges \u2026 dans l\u2019attente de leur vente . Le 12 juin 1792 l\u2019instrument est mis en vente : une double estimation fait&nbsp; \u00e9tat&nbsp; de&nbsp; 4000&nbsp; livres&nbsp; pour&nbsp; l\u2019orgue et de 2440 livres&nbsp; pour le poids et la nature du m\u00e9tal brut . Les gens&nbsp; de Gerb\u00e9viller&nbsp; convoitaient cet orgue au prix du m\u00e9tal brut . Finalement&nbsp; la ville de V\u00e9zelise remporta l\u2019adjudication qui se fit \u00e0 feux allum\u00e9s et par ench\u00e8res, et ce pour la somme de 3500 livres, \u00e0 la satisfaction des \u00e9lus de V\u00e9zelise : JF. Salle, maire et&nbsp; quelques conseillers pr\u00e9sents. \u00ab Le Directoire du D\u00e9partement autorise l\u2019acquisition&nbsp; des orgues&nbsp; de l\u2019Abbaye&nbsp; de Beaupr\u00e9 par V\u00e9zelise \u2026&nbsp;&nbsp; Fait \u00e0 Nancy, le&nbsp; 6 octobre 1792. Sign\u00e9 : Henry Pagnot , Grandjean, Perrin, Demangeot et Anthoinet, secr\u00e9taire g\u00e9n\u00e9ral \u00bb.<\/p>\n\n\n\n<p class=\"has-text-align-center\"><strong>L\u2019ORGUE KUTTINGER \u00e0 VEZELISE<\/strong><\/p>\n\n\n\n<p>L\u2019autorisation d\u2019achat \u00e9tant obtenue, se pose&nbsp; la question&nbsp; du&nbsp; paiement&nbsp; de l\u2019acquisition , du d\u00e9montage de &nbsp;l\u2019orgue \u00e0 Beaupr\u00e9 et du remontage \u00e0 V\u00e9zelise. Les travaux sont mis en adjudication : un menuisier de la ville, Augustin Laurent les obtient pour 550 livres , le 8 Octobre 1792. Le maire Jean-Fran\u00e7ois -Xavier Salle \u00e9tablit un devis &nbsp;en 27 articles , o\u00f9 toutes les op\u00e9rations&nbsp; sont parfaitement d\u00e9crites. Au menuisier de se faire aider par le facteur&nbsp; Nicolas G\u00e9not&nbsp; pour les travaux dont l\u2019ex\u00e9cution&nbsp; r\u00e9clamait&nbsp; \u00ab le d\u00e9lay le plus court possible \u00bb (10 oct 1792).<\/p>\n\n\n\n<p class=\"has-text-align-right\"><strong>Signatures du Devis<\/strong><\/p>\n\n\n\n<p>Le maire J-F.Salle&nbsp; se rend&nbsp; fin octobre&nbsp; \u00e0 Beaupr\u00e9 et&nbsp; ach\u00e8te au sieur&nbsp; Campet&nbsp; de Saujon , pour 168 livres ,&nbsp; la tribune de l\u2019abbatiale et les quatre colonnes qui la supportent, le tout \u00e0 r\u00e9installer dans l\u2019\u00e9glise de V\u00e9zelise . L\u2019orgue est d\u00e9mont\u00e9, mis en caisses&nbsp; selon&nbsp; le cahier des charges . Le transport est assur\u00e9 par des b\u00e9n\u00e9voles , propri\u00e9taires&nbsp; de voitures : un premier convoi de six puis un second de dix auxquels participent le n\u00e9gociant Antoine Beudant, le rentier et \u00ab ancien chandelier \u00bb Claude Olry, le marchand-tanneur Jean Gegout, Joseph Levelle , Joseph Tocquard, les trois fr\u00e8res Pierson : Dominique, Gaspard&nbsp;&nbsp; et Joseph (bisa\u00efeul de l\u2019Abb\u00e9 Pierson) , tous de V\u00e9zelise&nbsp; \u2026 puis les sieurs Gaspard&nbsp; Bourot, Nicolas Vuillaume et Joseph Toussaint , tous trois d\u2019Ogn\u00e9ville.<br>Le remontage de l\u2019orgue dure&nbsp; six mois et la r\u00e9ception&nbsp; de l\u2019instrument&nbsp; a lieu le 31 juillet.<\/p>\n\n\n\n<p>1793 :<\/p>\n\n\n\n<p>\u00ab R\u00e9ception des ouvrages entrepris par le citoyen Augustin Laurent, menuisier \u00e0 V\u00e9zelise pour poser les buffets d\u2019un jeu d\u2019orgues et son positif avec leur tribune.<br>Les tribunes, buffets d\u2019orgues et de positif ; boiseries \u00e0 hauteur d\u2019appui, de faces&nbsp; et des faces et des c\u00f4t\u00e9s de la tribune ont \u00e9t\u00e9 remont\u00e9s parfaitement.<br>Il&nbsp; devait pratiquer un jour une petite crois\u00e9e dans le fond de la chambre des soufflets, il ne l\u2019a pas fait.<br>La chambre des soufflets n\u2019a pu contenir les cinq soufflets sur une m\u00eame ligne et&nbsp; plate- forme , il a fallu poser deux soufflets au-dessus des trois autres , ce&nbsp; qui &nbsp;a occasionn\u00e9 un ouvrage d\u2019augmentation.<br>L\u2019adjudicataire devait pratiquer la porte d\u2019entr\u00e9e \u00e0 l\u2019orgue dans&nbsp; l\u2019angle&nbsp; du&nbsp; mur&nbsp; de la chambre de soufflets, on a chang\u00e9 cette porte en l\u2019ouvrant dans l\u2019ancien mur de la tour du clocher.<br>La position de l\u2019orgue actuel ayant demand\u00e9 une saillie de trois pieds de largeur de plus \u00e0 la tribune pour donner un passage libre au souffleur, il y aura deux toises carr\u00e9es de plus au plafond.<br>Un escalier tournant en ch\u00eane a \u00e9t\u00e9 fait pour monter en haut du buffet de l\u2019orgue. \u00bb<\/p>\n\n\n\n<p class=\"has-text-align-right\">Fait \u00e0 V\u00e9zelise , le 31 Juillet 1793 sign\u00e9 : Martellet.<\/p>\n\n\n\n<p class=\"has-text-align-right\">Fran\u00e7ois-Joseph MARTELLET Architecte du district.<\/p>\n\n\n\n<p class=\"has-text-align-right\">R\u00e9f :&nbsp; A.M.<\/p>\n\n\n\n<p>Le montant&nbsp; des&nbsp; d\u00e9penses s\u2019\u00e9l\u00e8ve&nbsp; \u00e0&nbsp; 5 173&nbsp; livres: 3 500, achat de l\u2019orgue ; 865 frais de Transport ; 640 d\u00e9montage et remontage ; 168 tribune et colonnes. La Ville&nbsp; parvient&nbsp; \u00e0 r\u00e9unir&nbsp; 3 765 livres, dont 550 livres de la Fabrique Paroissiale , 500 livres de la caisse patriotique, 640 livres pour la vente de l\u2019\u00e9tain et du plomb de l\u2019ancien orgue au brocanteur Ranissant de Lun\u00e9ville et 40 livres pour le bois du vieil orgue vendu \u00e0&nbsp; Augustin Laurent et enfin&nbsp; 93 livres&nbsp; 6 sols&nbsp; 6 deniers&nbsp; pour la vente d\u2019anciens insignes et ornements de l\u2019\u00e9glise \u00ab rappelant la f\u00e9odalit\u00e9 \u00bb \u00e0 quoi s\u2019ajoutent 828 livres de souscription lanc\u00e9e dans le public et le remboursement d\u2019une dette du Tr\u00e9sor Public due \u00e0 la ville datant de 1790\u2026.. D\u00e9ficit assez consid\u00e9rable pour l\u2019\u00e9poque : on ne sait pas comment la ville&nbsp; s\u2019y&nbsp; est&nbsp; prise pour le combler.<\/p>\n\n\n\n<p>\u00ab Quoiqu\u2019il en soit, gr\u00e2ce \u00e0 la perspicacit\u00e9 d\u2019un maire&nbsp; d\u00e9brouillard \u2026V\u00e9zelise avait&nbsp; acquis non sans peine&nbsp; des orgues comptant&nbsp; parmi les plus belles de la r\u00e9gion \u00bb&nbsp; \u00e9crivait&nbsp; le Chanoine MARTIN, Cur\u00e9 de V\u00e9zelise de 1926 \u00e0 1949 .<\/p>\n\n\n\n<div class=\"wp-block-buttons is-layout-flex wp-block-buttons-is-layout-flex\">\n<div class=\"wp-block-button\"><a class=\"wp-block-button__link wp-element-button\" href=\"http:\/\/orguedevezelise.fr\/?page_id=74(ouvre un nouvel onglet)\">lire la suite<\/a><\/div>\n<\/div>\n\n\n\n<p><\/p>\n","protected":false},"excerpt":{"rendered":"<p>Le 2 F\u00e9vrier 1772, le facteur d\u2019orgues Georges K\u00fcttinger , n\u00e9 en 1733 \u00e0 Bouquenom (aujourd\u2019hui Sarre-Union \u2013 67 ), signe le march\u00e9 pour la construction d\u2019un Grand Orgue destin\u00e9 \u00e0 l\u2019abbaye cistercienne de Beaupr\u00e9 (Moncel-l\u00e8s-Lun\u00e9ville) qui fut sous la juridiction du Prince de Salm, Louis Othon, abb\u00e9 commendataire d\u00e8s 1739 \u00e0 l\u2019\u00e2ge de 18&hellip; <a class=\"more-link\" href=\"https:\/\/orguedevezelise.fr\/?page_id=38\">Poursuivre la lecture <span class=\"screen-reader-text\">L&rsquo;Orgue de Beaupr\u00e9<\/span><\/a><\/p>\n","protected":false},"author":1,"featured_media":0,"parent":32,"menu_order":1,"comment_status":"closed","ping_status":"closed","template":"","meta":{"_eb_attr":"","footnotes":""},"_links":{"self":[{"href":"https:\/\/orguedevezelise.fr\/index.php?rest_route=\/wp\/v2\/pages\/38"}],"collection":[{"href":"https:\/\/orguedevezelise.fr\/index.php?rest_route=\/wp\/v2\/pages"}],"about":[{"href":"https:\/\/orguedevezelise.fr\/index.php?rest_route=\/wp\/v2\/types\/page"}],"author":[{"embeddable":true,"href":"https:\/\/orguedevezelise.fr\/index.php?rest_route=\/wp\/v2\/users\/1"}],"replies":[{"embeddable":true,"href":"https:\/\/orguedevezelise.fr\/index.php?rest_route=%2Fwp%2Fv2%2Fcomments&post=38"}],"version-history":[{"count":5,"href":"https:\/\/orguedevezelise.fr\/index.php?rest_route=\/wp\/v2\/pages\/38\/revisions"}],"predecessor-version":[{"id":502,"href":"https:\/\/orguedevezelise.fr\/index.php?rest_route=\/wp\/v2\/pages\/38\/revisions\/502"}],"up":[{"embeddable":true,"href":"https:\/\/orguedevezelise.fr\/index.php?rest_route=\/wp\/v2\/pages\/32"}],"wp:attachment":[{"href":"https:\/\/orguedevezelise.fr\/index.php?rest_route=%2Fwp%2Fv2%2Fmedia&parent=38"}],"curies":[{"name":"wp","href":"https:\/\/api.w.org\/{rel}","templated":true}]}}