{"id":174,"date":"2022-02-28T18:37:18","date_gmt":"2022-02-28T17:37:18","guid":{"rendered":"http:\/\/orguedevezelise.fr\/?page_id=174"},"modified":"2026-04-13T16:40:42","modified_gmt":"2026-04-13T14:40:42","slug":"revue-de-presse","status":"publish","type":"page","link":"https:\/\/orguedevezelise.fr\/?page_id=174","title":{"rendered":"Revue de presse"},"content":{"rendered":"\n<hr class=\"wp-block-separator has-css-opacity\"\/>\n\n\n\n<p class=\"has-text-align-center has-extra-large-font-size\"><strong>2026<\/strong><\/p>\n\n\n\n<figure class=\"wp-block-image size-large\"><img decoding=\"async\" loading=\"lazy\" width=\"1024\" height=\"642\" src=\"https:\/\/orguedevezelise.fr\/wp-content\/uploads\/2026\/04\/Capture-decran-2026-04-08-123857-1024x642.png\" alt=\"\" class=\"wp-image-1026\" srcset=\"https:\/\/orguedevezelise.fr\/wp-content\/uploads\/2026\/04\/Capture-decran-2026-04-08-123857-1024x642.png 1024w, https:\/\/orguedevezelise.fr\/wp-content\/uploads\/2026\/04\/Capture-decran-2026-04-08-123857-300x188.png 300w, https:\/\/orguedevezelise.fr\/wp-content\/uploads\/2026\/04\/Capture-decran-2026-04-08-123857-768x481.png 768w, https:\/\/orguedevezelise.fr\/wp-content\/uploads\/2026\/04\/Capture-decran-2026-04-08-123857.png 1125w\" sizes=\"(max-width: 1024px) 100vw, 1024px\" \/><figcaption class=\"wp-element-caption\">Est R\u00e9publicain du 8 avril 2026<\/figcaption><\/figure>\n\n\n\n<p class=\"has-text-align-center\">____________<\/p>\n\n\n\n<p class=\"has-text-align-center has-extra-large-font-size\"><strong>2025<\/strong><\/p>\n\n\n\n<figure class=\"wp-block-image size-full\"><img decoding=\"async\" loading=\"lazy\" width=\"702\" height=\"729\" src=\"http:\/\/orguedevezelise.fr\/wp-content\/uploads\/2025\/11\/Capture-decran-2025-11-30-143026.png\" alt=\"\" class=\"wp-image-1010\" srcset=\"https:\/\/orguedevezelise.fr\/wp-content\/uploads\/2025\/11\/Capture-decran-2025-11-30-143026.png 702w, https:\/\/orguedevezelise.fr\/wp-content\/uploads\/2025\/11\/Capture-decran-2025-11-30-143026-289x300.png 289w\" sizes=\"(max-width: 702px) 100vw, 702px\" \/><figcaption class=\"wp-element-caption\">Est R\u00e9publicain du 29 novembre 2025<\/figcaption><\/figure>\n\n\n\n<p class=\"has-text-align-center\">______________<\/p>\n\n\n\n<figure class=\"wp-block-image size-full\"><img decoding=\"async\" loading=\"lazy\" width=\"706\" height=\"762\" src=\"http:\/\/orguedevezelise.fr\/wp-content\/uploads\/2025\/11\/Capture-decran-2025-11-18-150130.png\" alt=\"\" class=\"wp-image-1001\" srcset=\"https:\/\/orguedevezelise.fr\/wp-content\/uploads\/2025\/11\/Capture-decran-2025-11-18-150130.png 706w, https:\/\/orguedevezelise.fr\/wp-content\/uploads\/2025\/11\/Capture-decran-2025-11-18-150130-278x300.png 278w\" sizes=\"(max-width: 706px) 100vw, 706px\" \/><figcaption class=\"wp-element-caption\">Est R\u00e9publicain du 18 novembre 2025<\/figcaption><\/figure>\n\n\n\n<p class=\"has-text-align-center\">______________<\/p>\n\n\n\n<figure class=\"wp-block-image size-full\"><img decoding=\"async\" loading=\"lazy\" width=\"709\" height=\"713\" src=\"http:\/\/orguedevezelise.fr\/wp-content\/uploads\/2025\/10\/Capture-decran-2025-10-07-163629.png\" alt=\"\" class=\"wp-image-997\" srcset=\"https:\/\/orguedevezelise.fr\/wp-content\/uploads\/2025\/10\/Capture-decran-2025-10-07-163629.png 709w, https:\/\/orguedevezelise.fr\/wp-content\/uploads\/2025\/10\/Capture-decran-2025-10-07-163629-298x300.png 298w, https:\/\/orguedevezelise.fr\/wp-content\/uploads\/2025\/10\/Capture-decran-2025-10-07-163629-150x150.png 150w\" sizes=\"(max-width: 709px) 100vw, 709px\" \/><figcaption class=\"wp-element-caption\">Est R\u00e9publicain du 07 octobre 2025<\/figcaption><\/figure>\n\n\n\n<p class=\"has-text-align-center\">___________________<\/p>\n\n\n\n<figure class=\"wp-block-image size-full\"><img decoding=\"async\" loading=\"lazy\" width=\"639\" height=\"697\" src=\"https:\/\/orguedevezelise.fr\/wp-content\/uploads\/2025\/09\/Capture-decran-2025-09-22-205722.png\" alt=\"\" class=\"wp-image-994\" srcset=\"https:\/\/orguedevezelise.fr\/wp-content\/uploads\/2025\/09\/Capture-decran-2025-09-22-205722.png 639w, https:\/\/orguedevezelise.fr\/wp-content\/uploads\/2025\/09\/Capture-decran-2025-09-22-205722-275x300.png 275w\" sizes=\"(max-width: 639px) 100vw, 639px\" \/><figcaption class=\"wp-element-caption\">Est R\u00e9publicain du 22 septembre 2025<\/figcaption><\/figure>\n\n\n\n<p class=\"has-text-align-center\">_____________________<\/p>\n\n\n\n<figure class=\"wp-block-image size-full\"><img decoding=\"async\" loading=\"lazy\" width=\"808\" height=\"764\" src=\"http:\/\/orguedevezelise.fr\/wp-content\/uploads\/2025\/09\/Capture-decran-2025-09-14-112424.png\" alt=\"\" class=\"wp-image-987\" srcset=\"https:\/\/orguedevezelise.fr\/wp-content\/uploads\/2025\/09\/Capture-decran-2025-09-14-112424.png 808w, https:\/\/orguedevezelise.fr\/wp-content\/uploads\/2025\/09\/Capture-decran-2025-09-14-112424-300x284.png 300w, https:\/\/orguedevezelise.fr\/wp-content\/uploads\/2025\/09\/Capture-decran-2025-09-14-112424-768x726.png 768w\" sizes=\"(max-width: 808px) 100vw, 808px\" \/><figcaption class=\"wp-element-caption\">Est R\u00e9publicain du 14 septembre 2024<\/figcaption><\/figure>\n\n\n\n<p class=\"has-text-align-center\">_______________<\/p>\n\n\n\n<figure class=\"wp-block-image size-full\"><img decoding=\"async\" loading=\"lazy\" width=\"656\" height=\"717\" src=\"http:\/\/orguedevezelise.fr\/wp-content\/uploads\/2025\/09\/Capture-decran-2025-09-11-110857.png\" alt=\"\" class=\"wp-image-984\" srcset=\"https:\/\/orguedevezelise.fr\/wp-content\/uploads\/2025\/09\/Capture-decran-2025-09-11-110857.png 656w, https:\/\/orguedevezelise.fr\/wp-content\/uploads\/2025\/09\/Capture-decran-2025-09-11-110857-274x300.png 274w\" sizes=\"(max-width: 656px) 100vw, 656px\" \/><figcaption class=\"wp-element-caption\">Est R\u00e9publicain du 11 septembre 2025<\/figcaption><\/figure>\n\n\n\n<p class=\"has-text-align-center\">_____________________<\/p>\n\n\n\n<figure class=\"wp-block-image size-full\"><img decoding=\"async\" loading=\"lazy\" width=\"786\" height=\"755\" src=\"http:\/\/orguedevezelise.fr\/wp-content\/uploads\/2025\/08\/Capture-decran-2025-08-22-122017.png\" alt=\"\" class=\"wp-image-980\" srcset=\"https:\/\/orguedevezelise.fr\/wp-content\/uploads\/2025\/08\/Capture-decran-2025-08-22-122017.png 786w, https:\/\/orguedevezelise.fr\/wp-content\/uploads\/2025\/08\/Capture-decran-2025-08-22-122017-300x288.png 300w, https:\/\/orguedevezelise.fr\/wp-content\/uploads\/2025\/08\/Capture-decran-2025-08-22-122017-768x738.png 768w\" sizes=\"(max-width: 786px) 100vw, 786px\" \/><figcaption class=\"wp-element-caption\">Est R\u00e9publicain du 22 aout 2025, visite organis\u00e9e dans le cadre du concert du 27 juillet pour les 250 ans de l&rsquo;orgue de V\u00e9zelise.<\/figcaption><\/figure>\n\n\n\n<p class=\"has-text-align-center\">_______________<\/p>\n\n\n\n<figure class=\"wp-block-image size-large\"><img decoding=\"async\" loading=\"lazy\" width=\"1024\" height=\"635\" src=\"http:\/\/orguedevezelise.fr\/wp-content\/uploads\/2025\/08\/Capture-decran-2025-08-10-230421-1024x635.png\" alt=\"\" class=\"wp-image-970\" srcset=\"https:\/\/orguedevezelise.fr\/wp-content\/uploads\/2025\/08\/Capture-decran-2025-08-10-230421-1024x635.png 1024w, https:\/\/orguedevezelise.fr\/wp-content\/uploads\/2025\/08\/Capture-decran-2025-08-10-230421-300x186.png 300w, https:\/\/orguedevezelise.fr\/wp-content\/uploads\/2025\/08\/Capture-decran-2025-08-10-230421-768x476.png 768w, https:\/\/orguedevezelise.fr\/wp-content\/uploads\/2025\/08\/Capture-decran-2025-08-10-230421.png 1130w\" sizes=\"(max-width: 1024px) 100vw, 1024px\" \/><figcaption class=\"wp-element-caption\">Est R\u00e9publicain du 10 aout 2025<\/figcaption><\/figure>\n\n\n\n<p class=\"has-text-align-center\">______________<\/p>\n\n\n<div class=\"wp-block-image\">\n<figure class=\"aligncenter size-full\"><img decoding=\"async\" loading=\"lazy\" width=\"441\" height=\"637\" src=\"http:\/\/orguedevezelise.fr\/wp-content\/uploads\/2025\/08\/Capture-decran-2025-08-01-152030.png\" alt=\"\" class=\"wp-image-957\" srcset=\"https:\/\/orguedevezelise.fr\/wp-content\/uploads\/2025\/08\/Capture-decran-2025-08-01-152030.png 441w, https:\/\/orguedevezelise.fr\/wp-content\/uploads\/2025\/08\/Capture-decran-2025-08-01-152030-208x300.png 208w\" sizes=\"(max-width: 441px) 100vw, 441px\" \/><figcaption class=\"wp-element-caption\">Est R\u00e9publicain du 1ier Aout 2025, rubrique \u00ab\u00a0sortir\u00a0\u00bb.<\/figcaption><\/figure><\/div>\n\n\n<p class=\"has-text-align-center\">_______________________<\/p>\n\n\n\n<figure class=\"wp-block-image size-large\"><img decoding=\"async\" loading=\"lazy\" width=\"1024\" height=\"622\" src=\"http:\/\/orguedevezelise.fr\/wp-content\/uploads\/2025\/07\/Capture-decran-2025-07-27-115350-1024x622.png\" alt=\"\" class=\"wp-image-952\" srcset=\"https:\/\/orguedevezelise.fr\/wp-content\/uploads\/2025\/07\/Capture-decran-2025-07-27-115350-1024x622.png 1024w, https:\/\/orguedevezelise.fr\/wp-content\/uploads\/2025\/07\/Capture-decran-2025-07-27-115350-300x182.png 300w, https:\/\/orguedevezelise.fr\/wp-content\/uploads\/2025\/07\/Capture-decran-2025-07-27-115350-768x466.png 768w, https:\/\/orguedevezelise.fr\/wp-content\/uploads\/2025\/07\/Capture-decran-2025-07-27-115350.png 1306w\" sizes=\"(max-width: 1024px) 100vw, 1024px\" \/><figcaption class=\"wp-element-caption\">Est R\u00e9publicain du 26 juillet 2025<\/figcaption><\/figure>\n\n\n\n<figure class=\"wp-block-image size-large\"><img decoding=\"async\" loading=\"lazy\" width=\"1024\" height=\"836\" src=\"http:\/\/orguedevezelise.fr\/wp-content\/uploads\/2025\/07\/Capture-decran-2025-07-27-115239-1024x836.png\" alt=\"\" class=\"wp-image-951\" srcset=\"https:\/\/orguedevezelise.fr\/wp-content\/uploads\/2025\/07\/Capture-decran-2025-07-27-115239-1024x836.png 1024w, https:\/\/orguedevezelise.fr\/wp-content\/uploads\/2025\/07\/Capture-decran-2025-07-27-115239-300x245.png 300w, https:\/\/orguedevezelise.fr\/wp-content\/uploads\/2025\/07\/Capture-decran-2025-07-27-115239-768x627.png 768w, https:\/\/orguedevezelise.fr\/wp-content\/uploads\/2025\/07\/Capture-decran-2025-07-27-115239.png 1191w\" sizes=\"(max-width: 1024px) 100vw, 1024px\" \/><figcaption class=\"wp-element-caption\">Est R\u00e9publicain du 26 Juillet 2025<\/figcaption><\/figure>\n\n\n\n<p class=\"has-text-align-center\">_______________<\/p>\n\n\n\n<figure class=\"wp-block-image size-full\"><img decoding=\"async\" loading=\"lazy\" width=\"774\" height=\"866\" src=\"http:\/\/orguedevezelise.fr\/wp-content\/uploads\/2025\/07\/Capture-decran-2025-07-25-192121.png\" alt=\"\" class=\"wp-image-938\" srcset=\"https:\/\/orguedevezelise.fr\/wp-content\/uploads\/2025\/07\/Capture-decran-2025-07-25-192121.png 774w, https:\/\/orguedevezelise.fr\/wp-content\/uploads\/2025\/07\/Capture-decran-2025-07-25-192121-268x300.png 268w, https:\/\/orguedevezelise.fr\/wp-content\/uploads\/2025\/07\/Capture-decran-2025-07-25-192121-768x859.png 768w\" sizes=\"(max-width: 774px) 100vw, 774px\" \/><figcaption class=\"wp-element-caption\">Est R\u00e9publicain du 27 juillet 2025<\/figcaption><\/figure>\n\n\n\n<p class=\"has-text-align-center\">___________________<\/p>\n\n\n\n<figure class=\"wp-block-image size-full\"><img decoding=\"async\" loading=\"lazy\" width=\"603\" height=\"775\" src=\"http:\/\/orguedevezelise.fr\/wp-content\/uploads\/2025\/07\/Capture-decran-2025-07-16-214811.png\" alt=\"\" class=\"wp-image-929\" srcset=\"https:\/\/orguedevezelise.fr\/wp-content\/uploads\/2025\/07\/Capture-decran-2025-07-16-214811.png 603w, https:\/\/orguedevezelise.fr\/wp-content\/uploads\/2025\/07\/Capture-decran-2025-07-16-214811-233x300.png 233w\" sizes=\"(max-width: 603px) 100vw, 603px\" \/><figcaption class=\"wp-element-caption\">Est R\u00e9publicain du 16 Juillet 2025<\/figcaption><\/figure>\n\n\n\n<p class=\"has-text-align-center\">________________<\/p>\n\n\n\n<figure class=\"wp-block-image size-full\"><img decoding=\"async\" loading=\"lazy\" width=\"795\" height=\"730\" src=\"https:\/\/orguedevezelise.fr\/wp-content\/uploads\/2025\/07\/Capture-decran-2025-07-01-105313-1.png\" alt=\"\" class=\"wp-image-918\" srcset=\"https:\/\/orguedevezelise.fr\/wp-content\/uploads\/2025\/07\/Capture-decran-2025-07-01-105313-1.png 795w, https:\/\/orguedevezelise.fr\/wp-content\/uploads\/2025\/07\/Capture-decran-2025-07-01-105313-1-300x275.png 300w, https:\/\/orguedevezelise.fr\/wp-content\/uploads\/2025\/07\/Capture-decran-2025-07-01-105313-1-768x705.png 768w\" sizes=\"(max-width: 795px) 100vw, 795px\" \/><figcaption class=\"wp-element-caption\">Est R\u00e9publicain du 1ier Juillet 2025<\/figcaption><\/figure>\n\n\n\n<p class=\"has-text-align-center\">________________<\/p>\n\n\n\n<figure class=\"wp-block-image size-full\"><img decoding=\"async\" loading=\"lazy\" width=\"573\" height=\"736\" src=\"https:\/\/orguedevezelise.fr\/wp-content\/uploads\/2025\/06\/Capture-decran-2025-06-20-221145-1.png\" alt=\"\" class=\"wp-image-911\" srcset=\"https:\/\/orguedevezelise.fr\/wp-content\/uploads\/2025\/06\/Capture-decran-2025-06-20-221145-1.png 573w, https:\/\/orguedevezelise.fr\/wp-content\/uploads\/2025\/06\/Capture-decran-2025-06-20-221145-1-234x300.png 234w\" sizes=\"(max-width: 573px) 100vw, 573px\" \/><figcaption class=\"wp-element-caption\"><strong>Est R\u00e9publicain<\/strong> <strong>du 20 juin 2025<\/strong><\/figcaption><\/figure>\n\n\n\n<p class=\"has-text-align-center\">_______________<\/p>\n\n\n<div class=\"wp-block-image\">\n<figure class=\"aligncenter size-full\"><img decoding=\"async\" loading=\"lazy\" width=\"232\" height=\"752\" src=\"http:\/\/orguedevezelise.fr\/wp-content\/uploads\/2025\/06\/Capture-decran-2025-06-06-231045.png\" alt=\"\" class=\"wp-image-890\" srcset=\"https:\/\/orguedevezelise.fr\/wp-content\/uploads\/2025\/06\/Capture-decran-2025-06-06-231045.png 232w, https:\/\/orguedevezelise.fr\/wp-content\/uploads\/2025\/06\/Capture-decran-2025-06-06-231045-93x300.png 93w\" sizes=\"(max-width: 232px) 100vw, 232px\" \/><figcaption class=\"wp-element-caption\"><strong>Est<\/strong> <strong>R\u00e9publicain du<\/strong> <strong>06 juin 2025<\/strong><\/figcaption><\/figure><\/div>\n\n\n<p class=\"has-text-align-center has-normal-font-size\">___________<\/p>\n\n\n<div class=\"wp-block-image\">\n<figure class=\"aligncenter size-full\"><img decoding=\"async\" loading=\"lazy\" width=\"507\" height=\"750\" src=\"http:\/\/orguedevezelise.fr\/wp-content\/uploads\/2025\/05\/Capture-decran-2025-05-27-224259.png\" alt=\"\" class=\"wp-image-875\" srcset=\"https:\/\/orguedevezelise.fr\/wp-content\/uploads\/2025\/05\/Capture-decran-2025-05-27-224259.png 507w, https:\/\/orguedevezelise.fr\/wp-content\/uploads\/2025\/05\/Capture-decran-2025-05-27-224259-203x300.png 203w\" sizes=\"(max-width: 507px) 100vw, 507px\" \/><figcaption class=\"wp-element-caption\"><strong>Est R\u00e9publicain du 26 mai 2025<\/strong><\/figcaption><\/figure><\/div>\n\n\n<p class=\"has-text-align-center has-normal-font-size\">_______________<\/p>\n\n\n<div class=\"wp-block-image\">\n<figure class=\"aligncenter size-full\"><img decoding=\"async\" loading=\"lazy\" width=\"472\" height=\"827\" src=\"http:\/\/orguedevezelise.fr\/wp-content\/uploads\/2025\/05\/Capture-decran-2025-05-02-215527-1.png\" alt=\"\" class=\"wp-image-867\" srcset=\"https:\/\/orguedevezelise.fr\/wp-content\/uploads\/2025\/05\/Capture-decran-2025-05-02-215527-1.png 472w, https:\/\/orguedevezelise.fr\/wp-content\/uploads\/2025\/05\/Capture-decran-2025-05-02-215527-1-171x300.png 171w\" sizes=\"(max-width: 472px) 100vw, 472px\" \/><figcaption class=\"wp-element-caption\"><strong>Est R\u00e9publicain du 2 mai<\/strong> <strong>2025<\/strong><\/figcaption><\/figure><\/div>\n\n\n<p class=\"has-text-align-center\">_______________<\/p>\n\n\n\n<p class=\"has-text-align-center\">Est R\u00e9publicain du 14 f\u00e9vrier 2025<\/p>\n\n\n\n<figure class=\"wp-block-image size-full\"><img decoding=\"async\" loading=\"lazy\" width=\"1000\" height=\"500\" src=\"https:\/\/orguedevezelise.fr\/wp-content\/uploads\/2025\/04\/image.png\" alt=\"\" class=\"wp-image-845\" srcset=\"https:\/\/orguedevezelise.fr\/wp-content\/uploads\/2025\/04\/image.png 1000w, https:\/\/orguedevezelise.fr\/wp-content\/uploads\/2025\/04\/image-300x150.png 300w, https:\/\/orguedevezelise.fr\/wp-content\/uploads\/2025\/04\/image-768x384.png 768w\" sizes=\"(max-width: 1000px) 100vw, 1000px\" \/><\/figure>\n\n\n\n<p class=\"has-normal-font-size\">L\u2019association les Amis de l\u2019orgue a tenu son assembl\u00e9e g\u00e9n\u00e9rale sous la pr\u00e9sidence de Dominique Dantand. Une douzaine de personnes \u00e9taient pr\u00e9sentes. Apr\u00e8s avoir ouvert la s\u00e9ance, le pr\u00e9sident a \u00e9voqu\u00e9 la disparition du tr\u00e9sorier de l\u2019association. Il a remerci\u00e9 les institutions qui participent \u00e0 la r\u00e9ussite des actions des Amis de l\u2019orgue. Il a ensuite pr\u00e9sent\u00e9 le bilan moral de l\u2019ann\u00e9e avant que le tr\u00e9sorier par int\u00e9rim \u00e9voque le bilan financier. Dominique Dantand a aussi pr\u00e9sent\u00e9 le programme des concerts et \u00e9v\u00e9nements de l\u2019ann\u00e9e, en particulier \u00e0 l\u2019occasion des 250 ans de l\u2019orgue de V\u00e9zelise et des 25 ans de l\u2019association.<\/p>\n\n\n\n<p class=\"has-text-align-center\">___________<\/p>\n\n\n\n<p class=\"has-text-align-center\">Est r\u00e9publicain: programme sur site web<br><a href=\"https:\/\/c.estrepublicain.fr\/culture-loisirs\/2025\/04\/15\/l-orgue-kuttinger-fete-son-250e-anniversaire\">V\u00e9zelise. L\u2019orgue K\u00fcttinger f\u00eate son 250e anniversaire<\/a><\/p>\n\n\n\n<p class=\"has-text-align-center\">___________<\/p>\n\n\n\n<p class=\"has-text-align-center has-extra-large-font-size\"><strong>2024<\/strong><\/p>\n\n\n\n<figure class=\"wp-block-image size-large\"><img decoding=\"async\" loading=\"lazy\" width=\"593\" height=\"1024\" src=\"http:\/\/orguedevezelise.fr\/wp-content\/uploads\/2024\/10\/2024-10-09-001-593x1024.jpg\" alt=\"\" class=\"wp-image-804\" srcset=\"https:\/\/orguedevezelise.fr\/wp-content\/uploads\/2024\/10\/2024-10-09-001-593x1024.jpg 593w, https:\/\/orguedevezelise.fr\/wp-content\/uploads\/2024\/10\/2024-10-09-001-174x300.jpg 174w, https:\/\/orguedevezelise.fr\/wp-content\/uploads\/2024\/10\/2024-10-09-001-768x1326.jpg 768w, https:\/\/orguedevezelise.fr\/wp-content\/uploads\/2024\/10\/2024-10-09-001-890x1536.jpg 890w, https:\/\/orguedevezelise.fr\/wp-content\/uploads\/2024\/10\/2024-10-09-001.jpg 1171w\" sizes=\"(max-width: 593px) 100vw, 593px\" \/><figcaption class=\"wp-element-caption\">Est R\u00e9publicain du 8 octobre 2024<\/figcaption><\/figure>\n\n\n\n<p class=\"has-text-align-center\">___________________<\/p>\n\n\n\n<figure class=\"wp-block-image size-large\"><img decoding=\"async\" loading=\"lazy\" width=\"1024\" height=\"831\" src=\"http:\/\/orguedevezelise.fr\/wp-content\/uploads\/2024\/09\/2024-09-26-002-1024x831.jpg\" alt=\"\" class=\"wp-image-798\" srcset=\"https:\/\/orguedevezelise.fr\/wp-content\/uploads\/2024\/09\/2024-09-26-002-1024x831.jpg 1024w, https:\/\/orguedevezelise.fr\/wp-content\/uploads\/2024\/09\/2024-09-26-002-300x243.jpg 300w, https:\/\/orguedevezelise.fr\/wp-content\/uploads\/2024\/09\/2024-09-26-002-768x623.jpg 768w, https:\/\/orguedevezelise.fr\/wp-content\/uploads\/2024\/09\/2024-09-26-002.jpg 1182w\" sizes=\"(max-width: 1024px) 100vw, 1024px\" \/><figcaption class=\"wp-element-caption\">Est R\u00e9publicain du 26 09 2024<\/figcaption><\/figure>\n\n\n\n<p class=\"has-text-align-center\">_________________<\/p>\n\n\n\n<figure class=\"wp-block-image size-large\"><img decoding=\"async\" loading=\"lazy\" width=\"1024\" height=\"741\" src=\"http:\/\/orguedevezelise.fr\/wp-content\/uploads\/2024\/09\/2024-09-26-001-1024x741.jpg\" alt=\"\" class=\"wp-image-797\" srcset=\"https:\/\/orguedevezelise.fr\/wp-content\/uploads\/2024\/09\/2024-09-26-001-1024x741.jpg 1024w, https:\/\/orguedevezelise.fr\/wp-content\/uploads\/2024\/09\/2024-09-26-001-300x217.jpg 300w, https:\/\/orguedevezelise.fr\/wp-content\/uploads\/2024\/09\/2024-09-26-001-768x556.jpg 768w, https:\/\/orguedevezelise.fr\/wp-content\/uploads\/2024\/09\/2024-09-26-001.jpg 1206w\" sizes=\"(max-width: 1024px) 100vw, 1024px\" \/><figcaption class=\"wp-element-caption\">Est R\u00e9publicain du 25 09 2024<\/figcaption><\/figure>\n\n\n\n<p class=\"has-text-align-center\">______________________<\/p>\n\n\n\n<figure class=\"wp-block-image size-large\"><img decoding=\"async\" loading=\"lazy\" width=\"1024\" height=\"556\" src=\"http:\/\/orguedevezelise.fr\/wp-content\/uploads\/2024\/09\/2024-09-20-001-1-1024x556.jpg\" alt=\"\" class=\"wp-image-783\" srcset=\"https:\/\/orguedevezelise.fr\/wp-content\/uploads\/2024\/09\/2024-09-20-001-1-1024x556.jpg 1024w, https:\/\/orguedevezelise.fr\/wp-content\/uploads\/2024\/09\/2024-09-20-001-1-300x163.jpg 300w, https:\/\/orguedevezelise.fr\/wp-content\/uploads\/2024\/09\/2024-09-20-001-1-768x417.jpg 768w, https:\/\/orguedevezelise.fr\/wp-content\/uploads\/2024\/09\/2024-09-20-001-1.jpg 1170w\" sizes=\"(max-width: 1024px) 100vw, 1024px\" \/><figcaption class=\"wp-element-caption\">Est R\u00e9publicain du 20 septembre 2024<\/figcaption><\/figure>\n\n\n\n<p class=\"has-text-align-center\">_________________<\/p>\n\n\n\n<figure class=\"wp-block-image size-large\"><img decoding=\"async\" loading=\"lazy\" width=\"1024\" height=\"705\" src=\"http:\/\/orguedevezelise.fr\/wp-content\/uploads\/2024\/09\/2024-09-17-001-1024x705.jpg\" alt=\"\" class=\"wp-image-777\" srcset=\"https:\/\/orguedevezelise.fr\/wp-content\/uploads\/2024\/09\/2024-09-17-001-1024x705.jpg 1024w, https:\/\/orguedevezelise.fr\/wp-content\/uploads\/2024\/09\/2024-09-17-001-300x207.jpg 300w, https:\/\/orguedevezelise.fr\/wp-content\/uploads\/2024\/09\/2024-09-17-001-768x529.jpg 768w, https:\/\/orguedevezelise.fr\/wp-content\/uploads\/2024\/09\/2024-09-17-001.jpg 1202w\" sizes=\"(max-width: 1024px) 100vw, 1024px\" \/><figcaption class=\"wp-element-caption\">Est R\u00e9publicain du 16 septembre 2024<\/figcaption><\/figure>\n\n\n\n<p class=\"has-text-align-center\">___________________<\/p>\n\n\n\n<figure class=\"wp-block-image size-large\"><img decoding=\"async\" loading=\"lazy\" width=\"628\" height=\"1024\" src=\"http:\/\/orguedevezelise.fr\/wp-content\/uploads\/2024\/08\/2024-08-07001-628x1024.jpg\" alt=\"\" class=\"wp-image-769\" srcset=\"https:\/\/orguedevezelise.fr\/wp-content\/uploads\/2024\/08\/2024-08-07001-628x1024.jpg 628w, https:\/\/orguedevezelise.fr\/wp-content\/uploads\/2024\/08\/2024-08-07001-184x300.jpg 184w, https:\/\/orguedevezelise.fr\/wp-content\/uploads\/2024\/08\/2024-08-07001-768x1252.jpg 768w, https:\/\/orguedevezelise.fr\/wp-content\/uploads\/2024\/08\/2024-08-07001-942x1536.jpg 942w, https:\/\/orguedevezelise.fr\/wp-content\/uploads\/2024\/08\/2024-08-07001.jpg 1158w\" sizes=\"(max-width: 628px) 100vw, 628px\" \/><\/figure>\n\n\n\n<p class=\"has-text-align-center\">_______________<\/p>\n\n\n\n<figure class=\"wp-block-image size-large\"><img decoding=\"async\" loading=\"lazy\" width=\"770\" height=\"1024\" src=\"http:\/\/orguedevezelise.fr\/wp-content\/uploads\/2024\/07\/2024-07-19001-770x1024.jpg\" alt=\"\" class=\"wp-image-726\" srcset=\"https:\/\/orguedevezelise.fr\/wp-content\/uploads\/2024\/07\/2024-07-19001-770x1024.jpg 770w, https:\/\/orguedevezelise.fr\/wp-content\/uploads\/2024\/07\/2024-07-19001-226x300.jpg 226w, https:\/\/orguedevezelise.fr\/wp-content\/uploads\/2024\/07\/2024-07-19001-768x1022.jpg 768w, https:\/\/orguedevezelise.fr\/wp-content\/uploads\/2024\/07\/2024-07-19001.jpg 1136w\" sizes=\"(max-width: 770px) 100vw, 770px\" \/><figcaption class=\"wp-element-caption\">Est R\u00e9publicain du 19 juillet 2024<\/figcaption><\/figure>\n\n\n\n<p class=\"has-text-align-center\">______________<\/p>\n\n\n\n<figure class=\"wp-block-image size-large\"><img decoding=\"async\" loading=\"lazy\" width=\"1024\" height=\"406\" src=\"http:\/\/orguedevezelise.fr\/wp-content\/uploads\/2024\/07\/2024-07-15001-1024x406.jpg\" alt=\"\" class=\"wp-image-720\" srcset=\"https:\/\/orguedevezelise.fr\/wp-content\/uploads\/2024\/07\/2024-07-15001-1024x406.jpg 1024w, https:\/\/orguedevezelise.fr\/wp-content\/uploads\/2024\/07\/2024-07-15001-300x119.jpg 300w, https:\/\/orguedevezelise.fr\/wp-content\/uploads\/2024\/07\/2024-07-15001-768x304.jpg 768w, https:\/\/orguedevezelise.fr\/wp-content\/uploads\/2024\/07\/2024-07-15001-1536x608.jpg 1536w, https:\/\/orguedevezelise.fr\/wp-content\/uploads\/2024\/07\/2024-07-15001-1568x621.jpg 1568w, https:\/\/orguedevezelise.fr\/wp-content\/uploads\/2024\/07\/2024-07-15001.jpg 1689w\" sizes=\"(max-width: 1024px) 100vw, 1024px\" \/><figcaption class=\"wp-element-caption\">Est R\u00e9publicain du 15 juillet 2024<\/figcaption><\/figure>\n\n\n\n<p class=\"has-text-align-center\">____________<\/p>\n\n\n\n<figure class=\"wp-block-image size-large\"><img decoding=\"async\" loading=\"lazy\" width=\"1024\" height=\"1002\" src=\"http:\/\/orguedevezelise.fr\/wp-content\/uploads\/2024\/07\/2024-07-13001-1024x1002.jpg\" alt=\"\" class=\"wp-image-719\" srcset=\"https:\/\/orguedevezelise.fr\/wp-content\/uploads\/2024\/07\/2024-07-13001-1024x1002.jpg 1024w, https:\/\/orguedevezelise.fr\/wp-content\/uploads\/2024\/07\/2024-07-13001-300x294.jpg 300w, https:\/\/orguedevezelise.fr\/wp-content\/uploads\/2024\/07\/2024-07-13001-768x752.jpg 768w, https:\/\/orguedevezelise.fr\/wp-content\/uploads\/2024\/07\/2024-07-13001-1536x1504.jpg 1536w, https:\/\/orguedevezelise.fr\/wp-content\/uploads\/2024\/07\/2024-07-13001-1568x1535.jpg 1568w, https:\/\/orguedevezelise.fr\/wp-content\/uploads\/2024\/07\/2024-07-13001.jpg 1796w\" sizes=\"(max-width: 1024px) 100vw, 1024px\" \/><figcaption class=\"wp-element-caption\">Est R\u00e9publicain du 13 juillet 2024<\/figcaption><\/figure>\n\n\n\n<p class=\"has-text-align-center\">______________<\/p>\n\n\n\n<figure class=\"wp-block-image size-large\"><img decoding=\"async\" loading=\"lazy\" width=\"1024\" height=\"968\" src=\"http:\/\/orguedevezelise.fr\/wp-content\/uploads\/2024\/07\/2024-07-08001-1024x968.jpg\" alt=\"\" class=\"wp-image-706\"\/><figcaption class=\"wp-element-caption\">Est R\u00e9publicain du 08 juillet 2024<\/figcaption><\/figure>\n\n\n\n<p class=\"has-text-align-center\">___________<\/p>\n\n\n\n<figure class=\"wp-block-image size-large\"><img decoding=\"async\" loading=\"lazy\" width=\"579\" height=\"1024\" src=\"http:\/\/orguedevezelise.fr\/wp-content\/uploads\/2024\/06\/2024-06-19001-579x1024.jpg\" alt=\"\" class=\"wp-image-702\" srcset=\"https:\/\/orguedevezelise.fr\/wp-content\/uploads\/2024\/06\/2024-06-19001-579x1024.jpg 579w, https:\/\/orguedevezelise.fr\/wp-content\/uploads\/2024\/06\/2024-06-19001-170x300.jpg 170w, https:\/\/orguedevezelise.fr\/wp-content\/uploads\/2024\/06\/2024-06-19001-768x1359.jpg 768w, https:\/\/orguedevezelise.fr\/wp-content\/uploads\/2024\/06\/2024-06-19001-868x1536.jpg 868w, https:\/\/orguedevezelise.fr\/wp-content\/uploads\/2024\/06\/2024-06-19001-1158x2048.jpg 1158w, https:\/\/orguedevezelise.fr\/wp-content\/uploads\/2024\/06\/2024-06-19001.jpg 1183w\" sizes=\"(max-width: 579px) 100vw, 579px\" \/><figcaption class=\"wp-element-caption\">Est R\u00e9publicain du 19 juin 2024<\/figcaption><\/figure>\n\n\n\n<p class=\"has-text-align-center\">___________<\/p>\n\n\n\n<figure class=\"wp-block-image size-large\"><img decoding=\"async\" loading=\"lazy\" width=\"655\" height=\"1024\" src=\"http:\/\/orguedevezelise.fr\/wp-content\/uploads\/2024\/06\/2024-05-26001-655x1024.jpg\" alt=\"\" class=\"wp-image-698\" srcset=\"https:\/\/orguedevezelise.fr\/wp-content\/uploads\/2024\/06\/2024-05-26001-655x1024.jpg 655w, https:\/\/orguedevezelise.fr\/wp-content\/uploads\/2024\/06\/2024-05-26001-192x300.jpg 192w, https:\/\/orguedevezelise.fr\/wp-content\/uploads\/2024\/06\/2024-05-26001-768x1201.jpg 768w, https:\/\/orguedevezelise.fr\/wp-content\/uploads\/2024\/06\/2024-05-26001-982x1536.jpg 982w, https:\/\/orguedevezelise.fr\/wp-content\/uploads\/2024\/06\/2024-05-26001.jpg 1190w\" sizes=\"(max-width: 655px) 100vw, 655px\" \/><figcaption class=\"wp-element-caption\">Est R\u00e9publicain du 03 juin 2024<\/figcaption><\/figure>\n\n\n\n<p class=\"has-text-align-center\">___________<\/p>\n\n\n\n<p class=\"has-text-align-center has-extra-large-font-size\"><strong>2023<\/strong><\/p>\n\n\n\n<p class=\"has-text-align-center\">___________<\/p>\n\n\n\n<figure class=\"wp-block-image size-large is-resized\"><img decoding=\"async\" loading=\"lazy\" width=\"959\" height=\"1024\" src=\"http:\/\/orguedevezelise.fr\/wp-content\/uploads\/2023\/11\/2023-11-11-001-959x1024.jpg\" alt=\"\" class=\"wp-image-616\" style=\"aspect-ratio:0.9365234375;width:610px;height:auto\" srcset=\"https:\/\/orguedevezelise.fr\/wp-content\/uploads\/2023\/11\/2023-11-11-001-959x1024.jpg 959w, https:\/\/orguedevezelise.fr\/wp-content\/uploads\/2023\/11\/2023-11-11-001-281x300.jpg 281w, https:\/\/orguedevezelise.fr\/wp-content\/uploads\/2023\/11\/2023-11-11-001-768x820.jpg 768w, https:\/\/orguedevezelise.fr\/wp-content\/uploads\/2023\/11\/2023-11-11-001.jpg 1171w\" sizes=\"(max-width: 959px) 100vw, 959px\" \/><figcaption class=\"wp-element-caption\">Est R\u00e9publicain du 11 novembre 2023<\/figcaption><\/figure>\n\n\n\n<p class=\"has-text-align-center\">___________<\/p>\n\n\n<div class=\"wp-block-image\">\n<figure class=\"aligncenter size-large\"><img decoding=\"async\" loading=\"lazy\" width=\"370\" height=\"1024\" src=\"http:\/\/orguedevezelise.fr\/wp-content\/uploads\/2023\/11\/2023-11-04-r-370x1024.jpg\" alt=\"\" class=\"wp-image-605\" srcset=\"https:\/\/orguedevezelise.fr\/wp-content\/uploads\/2023\/11\/2023-11-04-r-370x1024.jpg 370w, https:\/\/orguedevezelise.fr\/wp-content\/uploads\/2023\/11\/2023-11-04-r-108x300.jpg 108w, https:\/\/orguedevezelise.fr\/wp-content\/uploads\/2023\/11\/2023-11-04-r-555x1536.jpg 555w, https:\/\/orguedevezelise.fr\/wp-content\/uploads\/2023\/11\/2023-11-04-r.jpg 603w\" sizes=\"(max-width: 370px) 100vw, 370px\" \/><figcaption class=\"wp-element-caption\">Est R\u00e9publicain du 4 novembre 2023<\/figcaption><\/figure><\/div>\n\n\n<p class=\"has-text-align-center\">_______________<\/p>\n\n\n\n<figure class=\"wp-block-image size-large\"><img decoding=\"async\" loading=\"lazy\" width=\"1024\" height=\"859\" src=\"http:\/\/orguedevezelise.fr\/wp-content\/uploads\/2023\/10\/2023-09-30-001-1024x859.jpg\" alt=\"\" class=\"wp-image-592\" srcset=\"https:\/\/orguedevezelise.fr\/wp-content\/uploads\/2023\/10\/2023-09-30-001-1024x859.jpg 1024w, https:\/\/orguedevezelise.fr\/wp-content\/uploads\/2023\/10\/2023-09-30-001-300x252.jpg 300w, https:\/\/orguedevezelise.fr\/wp-content\/uploads\/2023\/10\/2023-09-30-001-768x644.jpg 768w, https:\/\/orguedevezelise.fr\/wp-content\/uploads\/2023\/10\/2023-09-30-001.jpg 1129w\" sizes=\"(max-width: 1024px) 100vw, 1024px\" \/><figcaption class=\"wp-element-caption\">Est R\u00e9publicain du 30 septembre 2023<\/figcaption><\/figure>\n\n\n\n<p class=\"has-text-align-center\">_____________<\/p>\n\n\n\n<figure class=\"wp-block-image size-large\"><img decoding=\"async\" loading=\"lazy\" width=\"952\" height=\"1024\" src=\"http:\/\/orguedevezelise.fr\/wp-content\/uploads\/2023\/09\/2023-09-21-001-952x1024.jpg\" alt=\"\" class=\"wp-image-587\" srcset=\"https:\/\/orguedevezelise.fr\/wp-content\/uploads\/2023\/09\/2023-09-21-001-952x1024.jpg 952w, https:\/\/orguedevezelise.fr\/wp-content\/uploads\/2023\/09\/2023-09-21-001-279x300.jpg 279w, https:\/\/orguedevezelise.fr\/wp-content\/uploads\/2023\/09\/2023-09-21-001-768x826.jpg 768w, https:\/\/orguedevezelise.fr\/wp-content\/uploads\/2023\/09\/2023-09-21-001.jpg 1182w\" sizes=\"(max-width: 952px) 100vw, 952px\" \/><figcaption class=\"wp-element-caption\">Est R\u00e9publicain du 21 septembre 2023<\/figcaption><\/figure>\n\n\n\n<p class=\"has-text-align-center\">____________<\/p>\n\n\n\n<figure class=\"wp-block-image size-large\"><img decoding=\"async\" loading=\"lazy\" width=\"910\" height=\"1024\" src=\"http:\/\/orguedevezelise.fr\/wp-content\/uploads\/2023\/09\/2023-09-20-001-910x1024.jpg\" alt=\"\" class=\"wp-image-581\" srcset=\"https:\/\/orguedevezelise.fr\/wp-content\/uploads\/2023\/09\/2023-09-20-001-910x1024.jpg 910w, https:\/\/orguedevezelise.fr\/wp-content\/uploads\/2023\/09\/2023-09-20-001-267x300.jpg 267w, https:\/\/orguedevezelise.fr\/wp-content\/uploads\/2023\/09\/2023-09-20-001-768x864.jpg 768w, https:\/\/orguedevezelise.fr\/wp-content\/uploads\/2023\/09\/2023-09-20-001.jpg 1162w\" sizes=\"(max-width: 910px) 100vw, 910px\" \/><figcaption class=\"wp-element-caption\">Est R\u00e9publicain du 20 septembre 2023<\/figcaption><\/figure>\n\n\n\n<p class=\"has-text-align-center\">____________<\/p>\n\n\n\n<figure class=\"wp-block-image size-large\"><img decoding=\"async\" loading=\"lazy\" width=\"806\" height=\"1024\" src=\"http:\/\/orguedevezelise.fr\/wp-content\/uploads\/2023\/08\/2023-08-06-001-806x1024.jpg\" alt=\"\" class=\"wp-image-570\" srcset=\"https:\/\/orguedevezelise.fr\/wp-content\/uploads\/2023\/08\/2023-08-06-001-806x1024.jpg 806w, https:\/\/orguedevezelise.fr\/wp-content\/uploads\/2023\/08\/2023-08-06-001-236x300.jpg 236w, https:\/\/orguedevezelise.fr\/wp-content\/uploads\/2023\/08\/2023-08-06-001-768x976.jpg 768w, https:\/\/orguedevezelise.fr\/wp-content\/uploads\/2023\/08\/2023-08-06-001.jpg 1198w\" sizes=\"(max-width: 806px) 100vw, 806px\" \/><figcaption class=\"wp-element-caption\">Est R\u00e9publicain du 6 ao\u00fbt 2023<\/figcaption><\/figure>\n\n\n\n<p class=\"has-text-align-center\">___________<\/p>\n\n\n\n<figure class=\"wp-block-image size-large\"><img decoding=\"async\" loading=\"lazy\" width=\"848\" height=\"1024\" src=\"http:\/\/orguedevezelise.fr\/wp-content\/uploads\/2023\/08\/2023-07-30-001-848x1024.jpg\" alt=\"\" class=\"wp-image-569\" srcset=\"https:\/\/orguedevezelise.fr\/wp-content\/uploads\/2023\/08\/2023-07-30-001-848x1024.jpg 848w, https:\/\/orguedevezelise.fr\/wp-content\/uploads\/2023\/08\/2023-07-30-001-248x300.jpg 248w, https:\/\/orguedevezelise.fr\/wp-content\/uploads\/2023\/08\/2023-07-30-001-768x928.jpg 768w, https:\/\/orguedevezelise.fr\/wp-content\/uploads\/2023\/08\/2023-07-30-001.jpg 1163w\" sizes=\"(max-width: 848px) 100vw, 848px\" \/><figcaption class=\"wp-element-caption\">Est R\u00e9publicain du 30 juillet 2023<\/figcaption><\/figure>\n\n\n\n<p class=\"has-text-align-center\">____________<\/p>\n\n\n\n<figure class=\"wp-block-image size-large\"><img decoding=\"async\" loading=\"lazy\" width=\"890\" height=\"1024\" src=\"http:\/\/orguedevezelise.fr\/wp-content\/uploads\/2023\/08\/2023-07-29-001-890x1024.jpg\" alt=\"\" class=\"wp-image-568\" srcset=\"https:\/\/orguedevezelise.fr\/wp-content\/uploads\/2023\/08\/2023-07-29-001-890x1024.jpg 890w, https:\/\/orguedevezelise.fr\/wp-content\/uploads\/2023\/08\/2023-07-29-001-261x300.jpg 261w, https:\/\/orguedevezelise.fr\/wp-content\/uploads\/2023\/08\/2023-07-29-001-768x884.jpg 768w, https:\/\/orguedevezelise.fr\/wp-content\/uploads\/2023\/08\/2023-07-29-001-1335x1536.jpg 1335w, https:\/\/orguedevezelise.fr\/wp-content\/uploads\/2023\/08\/2023-07-29-001-1568x1805.jpg 1568w, https:\/\/orguedevezelise.fr\/wp-content\/uploads\/2023\/08\/2023-07-29-001.jpg 1762w\" sizes=\"(max-width: 890px) 100vw, 890px\" \/><figcaption class=\"wp-element-caption\">Est R\u00e9publicain du 29 juillet 2023<\/figcaption><\/figure>\n\n\n\n<p class=\"has-text-align-center\">_____________<\/p>\n\n\n\n<figure class=\"wp-block-image size-large\"><img decoding=\"async\" loading=\"lazy\" width=\"457\" height=\"1024\" src=\"http:\/\/orguedevezelise.fr\/wp-content\/uploads\/2023\/07\/2023-07-28-001-457x1024.jpg\" alt=\"\" class=\"wp-image-552\" srcset=\"https:\/\/orguedevezelise.fr\/wp-content\/uploads\/2023\/07\/2023-07-28-001-457x1024.jpg 457w, https:\/\/orguedevezelise.fr\/wp-content\/uploads\/2023\/07\/2023-07-28-001-134x300.jpg 134w, https:\/\/orguedevezelise.fr\/wp-content\/uploads\/2023\/07\/2023-07-28-001-685x1536.jpg 685w, https:\/\/orguedevezelise.fr\/wp-content\/uploads\/2023\/07\/2023-07-28-001.jpg 713w\" sizes=\"(max-width: 457px) 100vw, 457px\" \/><figcaption class=\"wp-element-caption\">Est R\u00e9publicain du 28 juillet 2023<\/figcaption><\/figure>\n\n\n\n<p class=\"has-text-align-center\">____________<\/p>\n\n\n\n<figure class=\"wp-block-image size-large\"><img decoding=\"async\" loading=\"lazy\" width=\"613\" height=\"1024\" src=\"http:\/\/orguedevezelise.fr\/wp-content\/uploads\/2023\/07\/2023-07-24-001-613x1024.jpg\" alt=\"\" class=\"wp-image-533\" srcset=\"https:\/\/orguedevezelise.fr\/wp-content\/uploads\/2023\/07\/2023-07-24-001-613x1024.jpg 613w, https:\/\/orguedevezelise.fr\/wp-content\/uploads\/2023\/07\/2023-07-24-001-180x300.jpg 180w, https:\/\/orguedevezelise.fr\/wp-content\/uploads\/2023\/07\/2023-07-24-001-768x1283.jpg 768w, https:\/\/orguedevezelise.fr\/wp-content\/uploads\/2023\/07\/2023-07-24-001-920x1536.jpg 920w, https:\/\/orguedevezelise.fr\/wp-content\/uploads\/2023\/07\/2023-07-24-001-1226x2048.jpg 1226w, https:\/\/orguedevezelise.fr\/wp-content\/uploads\/2023\/07\/2023-07-24-001.jpg 1249w\" sizes=\"(max-width: 613px) 100vw, 613px\" \/><figcaption class=\"wp-element-caption\">Est R\u00e9publicain du 24 juillet 2023<\/figcaption><\/figure>\n\n\n\n<p class=\"has-text-align-center\"><strong>_____________<\/strong><\/p>\n\n\n\n<figure class=\"wp-block-image size-large\"><img decoding=\"async\" loading=\"lazy\" width=\"951\" height=\"1024\" src=\"http:\/\/orguedevezelise.fr\/wp-content\/uploads\/2023\/07\/2023-07-22-001-951x1024.jpg\" alt=\"\" class=\"wp-image-530\" srcset=\"https:\/\/orguedevezelise.fr\/wp-content\/uploads\/2023\/07\/2023-07-22-001-951x1024.jpg 951w, https:\/\/orguedevezelise.fr\/wp-content\/uploads\/2023\/07\/2023-07-22-001-279x300.jpg 279w, https:\/\/orguedevezelise.fr\/wp-content\/uploads\/2023\/07\/2023-07-22-001-768x827.jpg 768w, https:\/\/orguedevezelise.fr\/wp-content\/uploads\/2023\/07\/2023-07-22-001.jpg 1169w\" sizes=\"(max-width: 951px) 100vw, 951px\" \/><figcaption class=\"wp-element-caption\"><strong>Est R\u00e9publicain du 23 juillet 2023<\/strong><\/figcaption><\/figure>\n\n\n\n<p class=\"has-text-align-center\"><strong>_____________<\/strong><\/p>\n\n\n\n<figure class=\"wp-block-image size-large\"><img decoding=\"async\" loading=\"lazy\" width=\"686\" height=\"1024\" src=\"http:\/\/orguedevezelise.fr\/wp-content\/uploads\/2023\/07\/2023-07-21-001-686x1024.jpg\" alt=\"\" class=\"wp-image-529\" srcset=\"https:\/\/orguedevezelise.fr\/wp-content\/uploads\/2023\/07\/2023-07-21-001-686x1024.jpg 686w, https:\/\/orguedevezelise.fr\/wp-content\/uploads\/2023\/07\/2023-07-21-001-201x300.jpg 201w, https:\/\/orguedevezelise.fr\/wp-content\/uploads\/2023\/07\/2023-07-21-001-768x1146.jpg 768w, https:\/\/orguedevezelise.fr\/wp-content\/uploads\/2023\/07\/2023-07-21-001-1030x1536.jpg 1030w, https:\/\/orguedevezelise.fr\/wp-content\/uploads\/2023\/07\/2023-07-21-001.jpg 1135w\" sizes=\"(max-width: 686px) 100vw, 686px\" \/><figcaption class=\"wp-element-caption\"><strong>Est R\u00e9publicain du 21 juillet 2023<\/strong><\/figcaption><\/figure>\n\n\n\n<p class=\"has-text-align-center\"><strong>_____________<\/strong><\/p>\n\n\n\n<figure class=\"wp-block-image size-large\"><img decoding=\"async\" loading=\"lazy\" width=\"547\" height=\"1024\" src=\"http:\/\/orguedevezelise.fr\/wp-content\/uploads\/2023\/07\/2023-07-06001-547x1024.jpg\" alt=\"\" class=\"wp-image-516\" srcset=\"https:\/\/orguedevezelise.fr\/wp-content\/uploads\/2023\/07\/2023-07-06001-547x1024.jpg 547w, https:\/\/orguedevezelise.fr\/wp-content\/uploads\/2023\/07\/2023-07-06001-160x300.jpg 160w, https:\/\/orguedevezelise.fr\/wp-content\/uploads\/2023\/07\/2023-07-06001-768x1437.jpg 768w, https:\/\/orguedevezelise.fr\/wp-content\/uploads\/2023\/07\/2023-07-06001-821x1536.jpg 821w, https:\/\/orguedevezelise.fr\/wp-content\/uploads\/2023\/07\/2023-07-06001-1095x2048.jpg 1095w, https:\/\/orguedevezelise.fr\/wp-content\/uploads\/2023\/07\/2023-07-06001.jpg 1189w\" sizes=\"(max-width: 547px) 100vw, 547px\" \/><figcaption class=\"wp-element-caption\">Est R\u00e9publicain du 6 juillet 2023<\/figcaption><\/figure>\n\n\n\n<p class=\"has-text-align-center\"><strong>_____________<\/strong><\/p>\n\n\n\n<figure class=\"wp-block-image size-large\"><img decoding=\"async\" loading=\"lazy\" width=\"1024\" height=\"322\" src=\"http:\/\/orguedevezelise.fr\/wp-content\/uploads\/2023\/07\/SORTIR_DU_02-07_2023-001-1024x322.jpg\" alt=\"\" class=\"wp-image-513\" srcset=\"https:\/\/orguedevezelise.fr\/wp-content\/uploads\/2023\/07\/SORTIR_DU_02-07_2023-001-1024x322.jpg 1024w, https:\/\/orguedevezelise.fr\/wp-content\/uploads\/2023\/07\/SORTIR_DU_02-07_2023-001-300x94.jpg 300w, https:\/\/orguedevezelise.fr\/wp-content\/uploads\/2023\/07\/SORTIR_DU_02-07_2023-001-768x241.jpg 768w, https:\/\/orguedevezelise.fr\/wp-content\/uploads\/2023\/07\/SORTIR_DU_02-07_2023-001-1536x482.jpg 1536w, https:\/\/orguedevezelise.fr\/wp-content\/uploads\/2023\/07\/SORTIR_DU_02-07_2023-001-1568x492.jpg 1568w, https:\/\/orguedevezelise.fr\/wp-content\/uploads\/2023\/07\/SORTIR_DU_02-07_2023-001.jpg 1955w\" sizes=\"(max-width: 1024px) 100vw, 1024px\" \/><figcaption class=\"wp-element-caption\"><strong>Est R\u00e9publicain du 2 juillet 2023<\/strong><\/figcaption><\/figure>\n\n\n\n<p class=\"has-text-align-center\"><strong>_____________<\/strong><\/p>\n\n\n\n<figure class=\"wp-block-image size-large\"><img decoding=\"async\" loading=\"lazy\" width=\"647\" height=\"1024\" src=\"http:\/\/orguedevezelise.fr\/wp-content\/uploads\/2023\/07\/SYBILLE_ROTH-001-647x1024.jpg\" alt=\"\" class=\"wp-image-510\" srcset=\"https:\/\/orguedevezelise.fr\/wp-content\/uploads\/2023\/07\/SYBILLE_ROTH-001-647x1024.jpg 647w, https:\/\/orguedevezelise.fr\/wp-content\/uploads\/2023\/07\/SYBILLE_ROTH-001-189x300.jpg 189w, https:\/\/orguedevezelise.fr\/wp-content\/uploads\/2023\/07\/SYBILLE_ROTH-001-768x1216.jpg 768w, https:\/\/orguedevezelise.fr\/wp-content\/uploads\/2023\/07\/SYBILLE_ROTH-001.jpg 818w\" sizes=\"(max-width: 647px) 100vw, 647px\" \/><figcaption class=\"wp-element-caption\"><strong>Est R\u00e9publicain du 1 juillet 2023<\/strong><\/figcaption><\/figure>\n\n\n\n<p class=\"has-text-align-center\"><strong>_____________<\/strong><\/p>\n\n\n\n<figure class=\"wp-block-image size-large\"><img decoding=\"async\" loading=\"lazy\" width=\"1024\" height=\"972\" src=\"https:\/\/orguedevezelise.fr\/wp-content\/uploads\/2022\/10\/ER-2022-10-20-001-1024x972.jpg\" alt=\"\" class=\"wp-image-444\" srcset=\"https:\/\/orguedevezelise.fr\/wp-content\/uploads\/2022\/10\/ER-2022-10-20-001-1024x972.jpg 1024w, https:\/\/orguedevezelise.fr\/wp-content\/uploads\/2022\/10\/ER-2022-10-20-001-300x285.jpg 300w, https:\/\/orguedevezelise.fr\/wp-content\/uploads\/2022\/10\/ER-2022-10-20-001-768x729.jpg 768w, https:\/\/orguedevezelise.fr\/wp-content\/uploads\/2022\/10\/ER-2022-10-20-001.jpg 1146w\" sizes=\"(max-width: 1024px) 100vw, 1024px\" \/><figcaption class=\"wp-element-caption\"><strong>Est R\u00e9publicain du 20 Octobre 2022<\/strong><\/figcaption><\/figure>\n\n\n\n<p class=\"has-text-align-center\"><strong>_____________<\/strong><\/p>\n\n\n\n<figure class=\"wp-block-image size-large\"><img decoding=\"async\" loading=\"lazy\" width=\"1024\" height=\"575\" src=\"http:\/\/orguedevezelise.fr\/wp-content\/uploads\/2022\/10\/ER-2022-10-15-001-1024x575.jpg\" alt=\"\" class=\"wp-image-418\" srcset=\"https:\/\/orguedevezelise.fr\/wp-content\/uploads\/2022\/10\/ER-2022-10-15-001-1024x575.jpg 1024w, https:\/\/orguedevezelise.fr\/wp-content\/uploads\/2022\/10\/ER-2022-10-15-001-300x168.jpg 300w, https:\/\/orguedevezelise.fr\/wp-content\/uploads\/2022\/10\/ER-2022-10-15-001-768x431.jpg 768w, https:\/\/orguedevezelise.fr\/wp-content\/uploads\/2022\/10\/ER-2022-10-15-001.jpg 1163w\" sizes=\"(max-width: 1024px) 100vw, 1024px\" \/><figcaption class=\"wp-element-caption\"><strong>Est R\u00e9publicain du 15 Octobre 2022<\/strong><\/figcaption><\/figure>\n\n\n\n<p class=\"has-text-align-center\">____________<\/p>\n\n\n\n<figure class=\"wp-block-image size-large\"><img decoding=\"async\" loading=\"lazy\" width=\"679\" height=\"1024\" src=\"http:\/\/orguedevezelise.fr\/wp-content\/uploads\/2022\/08\/est-rep-2022-08-09-001-679x1024.jpg\" alt=\"\" class=\"wp-image-360\" srcset=\"https:\/\/orguedevezelise.fr\/wp-content\/uploads\/2022\/08\/est-rep-2022-08-09-001-679x1024.jpg 679w, https:\/\/orguedevezelise.fr\/wp-content\/uploads\/2022\/08\/est-rep-2022-08-09-001-199x300.jpg 199w, https:\/\/orguedevezelise.fr\/wp-content\/uploads\/2022\/08\/est-rep-2022-08-09-001-768x1158.jpg 768w, https:\/\/orguedevezelise.fr\/wp-content\/uploads\/2022\/08\/est-rep-2022-08-09-001-1018x1536.jpg 1018w, https:\/\/orguedevezelise.fr\/wp-content\/uploads\/2022\/08\/est-rep-2022-08-09-001.jpg 1137w\" sizes=\"(max-width: 679px) 100vw, 679px\" \/><figcaption class=\"wp-element-caption\"><strong>Est R\u00e9publicain du 9 ao\u00fbt 2022<\/strong><\/figcaption><\/figure>\n\n\n\n<p class=\"has-text-align-center\">____________<\/p>\n\n\n\n<figure class=\"wp-block-image size-large\"><img decoding=\"async\" loading=\"lazy\" width=\"876\" height=\"1024\" src=\"http:\/\/orguedevezelise.fr\/wp-content\/uploads\/2022\/08\/est-rep-2022-08-04-001-876x1024.jpg\" alt=\"\" class=\"wp-image-359\" srcset=\"https:\/\/orguedevezelise.fr\/wp-content\/uploads\/2022\/08\/est-rep-2022-08-04-001-876x1024.jpg 876w, https:\/\/orguedevezelise.fr\/wp-content\/uploads\/2022\/08\/est-rep-2022-08-04-001-257x300.jpg 257w, https:\/\/orguedevezelise.fr\/wp-content\/uploads\/2022\/08\/est-rep-2022-08-04-001-768x898.jpg 768w, https:\/\/orguedevezelise.fr\/wp-content\/uploads\/2022\/08\/est-rep-2022-08-04-001.jpg 1155w\" sizes=\"(max-width: 876px) 100vw, 876px\" \/><figcaption class=\"wp-element-caption\"><strong>Est R\u00e9publicain du 4 ao\u00fbt 2022<\/strong><\/figcaption><\/figure>\n\n\n\n<p class=\"has-text-align-center\">____________<\/p>\n\n\n\n<figure class=\"wp-block-image size-large\"><img decoding=\"async\" loading=\"lazy\" width=\"867\" height=\"1024\" src=\"http:\/\/orguedevezelise.fr\/wp-content\/uploads\/2022\/10\/ER-2022-07-21-001-867x1024.jpg\" alt=\"\" class=\"wp-image-413\" srcset=\"https:\/\/orguedevezelise.fr\/wp-content\/uploads\/2022\/10\/ER-2022-07-21-001-867x1024.jpg 867w, https:\/\/orguedevezelise.fr\/wp-content\/uploads\/2022\/10\/ER-2022-07-21-001-254x300.jpg 254w, https:\/\/orguedevezelise.fr\/wp-content\/uploads\/2022\/10\/ER-2022-07-21-001-768x907.jpg 768w, https:\/\/orguedevezelise.fr\/wp-content\/uploads\/2022\/10\/ER-2022-07-21-001.jpg 1150w\" sizes=\"(max-width: 867px) 100vw, 867px\" \/><figcaption class=\"wp-element-caption\"><strong>Est R\u00e9publicain du 21 juillet 2022<\/strong><\/figcaption><\/figure>\n\n\n\n<p class=\"has-text-align-center\">____________<\/p>\n\n\n\n<p><\/p>\n\n\n\n<figure class=\"wp-block-image size-large\"><img decoding=\"async\" loading=\"lazy\" width=\"702\" height=\"1024\" src=\"http:\/\/orguedevezelise.fr\/wp-content\/uploads\/2022\/08\/est-rep-2022-07-14003-702x1024.jpg\" alt=\"\" class=\"wp-image-358\" srcset=\"https:\/\/orguedevezelise.fr\/wp-content\/uploads\/2022\/08\/est-rep-2022-07-14003-702x1024.jpg 702w, https:\/\/orguedevezelise.fr\/wp-content\/uploads\/2022\/08\/est-rep-2022-07-14003-206x300.jpg 206w, https:\/\/orguedevezelise.fr\/wp-content\/uploads\/2022\/08\/est-rep-2022-07-14003-768x1120.jpg 768w, https:\/\/orguedevezelise.fr\/wp-content\/uploads\/2022\/08\/est-rep-2022-07-14003-1053x1536.jpg 1053w, https:\/\/orguedevezelise.fr\/wp-content\/uploads\/2022\/08\/est-rep-2022-07-14003.jpg 1242w\" sizes=\"(max-width: 702px) 100vw, 702px\" \/><figcaption class=\"wp-element-caption\"><strong>Est R\u00e9publicain du 14 juillet 2022<\/strong><\/figcaption><\/figure>\n\n\n\n<p class=\"has-text-align-center\">___________<\/p>\n\n\n\n<figure class=\"wp-block-image size-large\"><img decoding=\"async\" loading=\"lazy\" width=\"681\" height=\"1024\" src=\"http:\/\/orguedevezelise.fr\/wp-content\/uploads\/2022\/06\/orgue-2022-06-19-001-681x1024.jpg\" alt=\"\" class=\"wp-image-263\" srcset=\"https:\/\/orguedevezelise.fr\/wp-content\/uploads\/2022\/06\/orgue-2022-06-19-001-681x1024.jpg 681w, https:\/\/orguedevezelise.fr\/wp-content\/uploads\/2022\/06\/orgue-2022-06-19-001-200x300.jpg 200w, https:\/\/orguedevezelise.fr\/wp-content\/uploads\/2022\/06\/orgue-2022-06-19-001-768x1154.jpg 768w, https:\/\/orguedevezelise.fr\/wp-content\/uploads\/2022\/06\/orgue-2022-06-19-001-1022x1536.jpg 1022w, https:\/\/orguedevezelise.fr\/wp-content\/uploads\/2022\/06\/orgue-2022-06-19-001.jpg 1168w\" sizes=\"(max-width: 681px) 100vw, 681px\" \/><figcaption class=\"wp-element-caption\"><strong>Est R\u00e9publicain du 14 juin 2022<\/strong><\/figcaption><\/figure>\n\n\n\n<hr class=\"wp-block-separator has-css-opacity\"\/>\n\n\n\n<figure class=\"wp-block-image size-large\"><img decoding=\"async\" loading=\"lazy\" width=\"586\" height=\"1024\" src=\"https:\/\/orguedevezelise.fr\/wp-content\/uploads\/2022\/05\/Orgue-2022_05_25001-1-586x1024.jpg\" alt=\"\" class=\"wp-image-234\" srcset=\"https:\/\/orguedevezelise.fr\/wp-content\/uploads\/2022\/05\/Orgue-2022_05_25001-1-586x1024.jpg 586w, https:\/\/orguedevezelise.fr\/wp-content\/uploads\/2022\/05\/Orgue-2022_05_25001-1-172x300.jpg 172w, https:\/\/orguedevezelise.fr\/wp-content\/uploads\/2022\/05\/Orgue-2022_05_25001-1-768x1342.jpg 768w, https:\/\/orguedevezelise.fr\/wp-content\/uploads\/2022\/05\/Orgue-2022_05_25001-1-879x1536.jpg 879w, https:\/\/orguedevezelise.fr\/wp-content\/uploads\/2022\/05\/Orgue-2022_05_25001-1-1172x2048.jpg 1172w, https:\/\/orguedevezelise.fr\/wp-content\/uploads\/2022\/05\/Orgue-2022_05_25001-1.jpg 1198w\" sizes=\"(max-width: 586px) 100vw, 586px\" \/><figcaption class=\"wp-element-caption\"><strong>Est R\u00e9publicain du 25 mai 2022<\/strong><\/figcaption><\/figure>\n\n\n\n<p>_________________________________________________________________________<\/p>\n\n\n\n<figure class=\"wp-block-image size-large\"><img decoding=\"async\" loading=\"lazy\" width=\"598\" height=\"1024\" src=\"https:\/\/orguedevezelise.fr\/wp-content\/uploads\/2022\/05\/Orgue-2022_05_21001-598x1024.jpg\" alt=\"\" class=\"wp-image-235\" srcset=\"https:\/\/orguedevezelise.fr\/wp-content\/uploads\/2022\/05\/Orgue-2022_05_21001-598x1024.jpg 598w, https:\/\/orguedevezelise.fr\/wp-content\/uploads\/2022\/05\/Orgue-2022_05_21001-175x300.jpg 175w, https:\/\/orguedevezelise.fr\/wp-content\/uploads\/2022\/05\/Orgue-2022_05_21001-768x1315.jpg 768w, https:\/\/orguedevezelise.fr\/wp-content\/uploads\/2022\/05\/Orgue-2022_05_21001-897x1536.jpg 897w, https:\/\/orguedevezelise.fr\/wp-content\/uploads\/2022\/05\/Orgue-2022_05_21001-1196x2048.jpg 1196w, https:\/\/orguedevezelise.fr\/wp-content\/uploads\/2022\/05\/Orgue-2022_05_21001.jpg 1198w\" sizes=\"(max-width: 598px) 100vw, 598px\" \/><figcaption class=\"wp-element-caption\"><strong>Est R\u00e9publicain du 21 mai 2022<\/strong><\/figcaption><\/figure>\n\n\n\n<p>_________________________________________________________________________<\/p>\n\n\n<div class=\"wp-block-image\">\n<figure class=\"aligncenter size-large\"><img decoding=\"async\" loading=\"lazy\" width=\"263\" height=\"1024\" src=\"https:\/\/orguedevezelise.fr\/wp-content\/uploads\/2022\/05\/Orgue-2022_05_19001-263x1024.jpg\" alt=\"\" class=\"wp-image-236\" srcset=\"https:\/\/orguedevezelise.fr\/wp-content\/uploads\/2022\/05\/Orgue-2022_05_19001-263x1024.jpg 263w, https:\/\/orguedevezelise.fr\/wp-content\/uploads\/2022\/05\/Orgue-2022_05_19001-77x300.jpg 77w, https:\/\/orguedevezelise.fr\/wp-content\/uploads\/2022\/05\/Orgue-2022_05_19001-394x1536.jpg 394w, https:\/\/orguedevezelise.fr\/wp-content\/uploads\/2022\/05\/Orgue-2022_05_19001-526x2048.jpg 526w, https:\/\/orguedevezelise.fr\/wp-content\/uploads\/2022\/05\/Orgue-2022_05_19001-scaled.jpg 657w\" sizes=\"(max-width: 263px) 100vw, 263px\" \/><figcaption class=\"wp-element-caption\"><strong>Est R\u00e9publicain du 19 mai 2022<\/strong><\/figcaption><\/figure><\/div>\n\n\n<p>_________________________________________________________________________<\/p>\n","protected":false},"excerpt":{"rendered":"<p>2026 ____________ 2025 ______________ ______________ ___________________ _____________________ _______________ _____________________ _______________ ______________ _______________________ _______________ ___________________ ________________ ________________ _______________ ___________ _______________ _______________ Est R\u00e9publicain du 14 f\u00e9vrier 2025 L\u2019association les Amis de l\u2019orgue a tenu son assembl\u00e9e g\u00e9n\u00e9rale sous la pr\u00e9sidence de Dominique Dantand. Une douzaine de personnes \u00e9taient pr\u00e9sentes. Apr\u00e8s avoir ouvert la s\u00e9ance, le pr\u00e9sident&hellip; <a class=\"more-link\" href=\"https:\/\/orguedevezelise.fr\/?page_id=174\">Poursuivre la lecture <span class=\"screen-reader-text\">Revue de presse<\/span><\/a><\/p>\n","protected":false},"author":1,"featured_media":0,"parent":0,"menu_order":0,"comment_status":"closed","ping_status":"closed","template":"","meta":{"_eb_attr":"","footnotes":""},"_links":{"self":[{"href":"https:\/\/orguedevezelise.fr\/index.php?rest_route=\/wp\/v2\/pages\/174"}],"collection":[{"href":"https:\/\/orguedevezelise.fr\/index.php?rest_route=\/wp\/v2\/pages"}],"about":[{"href":"https:\/\/orguedevezelise.fr\/index.php?rest_route=\/wp\/v2\/types\/page"}],"author":[{"embeddable":true,"href":"https:\/\/orguedevezelise.fr\/index.php?rest_route=\/wp\/v2\/users\/1"}],"replies":[{"embeddable":true,"href":"https:\/\/orguedevezelise.fr\/index.php?rest_route=%2Fwp%2Fv2%2Fcomments&post=174"}],"version-history":[{"count":60,"href":"https:\/\/orguedevezelise.fr\/index.php?rest_route=\/wp\/v2\/pages\/174\/revisions"}],"predecessor-version":[{"id":1028,"href":"https:\/\/orguedevezelise.fr\/index.php?rest_route=\/wp\/v2\/pages\/174\/revisions\/1028"}],"wp:attachment":[{"href":"https:\/\/orguedevezelise.fr\/index.php?rest_route=%2Fwp%2Fv2%2Fmedia&parent=174"}],"curies":[{"name":"wp","href":"https:\/\/api.w.org\/{rel}","templated":true}]}}